{"id":2124,"date":"2015-11-17T18:41:39","date_gmt":"2015-11-17T17:41:39","guid":{"rendered":"http:\/\/www.fondation-sana.ch\/fr\/?page_id=2124"},"modified":"2020-09-19T05:14:52","modified_gmt":"2020-09-19T03:14:52","slug":"prix-sana-2015-old-page","status":"publish","type":"page","link":"https:\/\/www.fondation-sana.ch\/fr\/prix-sana\/prix-sana-2015-old-page\/","title":{"rendered":"Prix Sana 2015"},"content":{"rendered":"<p>[two_third valign=\u00a0\u00bbtop\u00a0\u00bb animation=\u00a0\u00bbnone\u00a0\u00bb]<\/p>\n<h3>Le \u00ab Prix Sana \u00bb 2015 distingue des engagements d\u00e9sint\u00e9ress\u00e9s en faveur d\u2019enfants et de la famille<\/h3>\n<p><strong>En 2015, le Prix Sana, le prix de la sant\u00e9 le mieux dot\u00e9 de Suisse avec 30&rsquo;000 francs, va dans les cantons de Berne, de Zurich et du Jura. Trois laur\u00e9ats ont \u00e9t\u00e9 r\u00e9compens\u00e9s par la Fondation Sana avec un montant de 10&rsquo;000 francs chacun pour leur engagement d\u00e9sint\u00e9ress\u00e9 en faveur d\u2019enfants et de la famille. Ce prix a \u00e9t\u00e9 remis dans le cadre du salon Swiss Handicap, \u00e0 la Messe Luzern. Les propositions de nominations pour le Prix Sana 2016 peuvent \u00eatre remises \u00e0 la Fondation d\u00e8s \u00e0 pr\u00e9sent.<\/strong><\/p>\n<p>Le Prix Sana distingue, chaque ann\u00e9e, des personnes et leur engagement d\u00e9sint\u00e9ress\u00e9 pour le bien de leurs semblables. La Fondation Sana d\u00e9cerne depuis cinq ans ce prix dot\u00e9, au total de 30&rsquo;000 francs. A travers ce prix de la sant\u00e9, la fondation veut marquer sa reconnaissance et son estime pour l\u2019humanit\u00e9 et l\u2019action b\u00e9n\u00e9vole en faveur de personnes souffrant de graves probl\u00e8mes de sant\u00e9, en Suisse. Cette ann\u00e9e, le jury compos\u00e9 de personnalit\u00e9s de renom s\u2019est prononc\u00e9 contre un classement et a r\u00e9compens\u00e9 les trois laur\u00e9ats avec un montant de 10&rsquo;000 francs chacun.<\/p>\n<p><strong>Theres Lindt<\/strong> et son mari <strong>Thomas Mainberger<\/strong>, \u00e0 Ittigen, accueillent depuis de nombreuses ann\u00e9es des enfants handicap\u00e9s, pour certains lourdement, dans leur propre maison. Ils offrent \u00e0 ces enfants un second chez-soi, ainsi qu\u2019un soulagement et un soutien \u00e0 leurs parents : pour un jour, pour une semaine, et souvent pendant des ann\u00e9es. Le couple Lindt\/Mainberger fait preuve d\u2019un engagement hors du commun, qui conditionne, depuis quinze ans, la vie quotidienne de leur propre famille avec leurs deux filles.<\/p>\n<p><iframe title=\"PrixSana2015 3 Lindt Mainberger\" width=\"800\" height=\"450\" src=\"https:\/\/www.youtube.com\/embed\/BH7NbuPuNpE?feature=oembed\" frameborder=\"0\" allow=\"accelerometer; autoplay; clipboard-write; encrypted-media; gyroscope; picture-in-picture\" allowfullscreen><\/iframe><\/p>\n<p><strong>Christine G\u00e4umann<\/strong>, de Winterthur, a particip\u00e9 en tant que moteur \u00e0 la mise sur pied d\u2019un projet d\u2019avant-garde en faveur d\u2019enfants de parents souffrant de probl\u00e8mes psychiques ou d\u00e9pendants. Wikip \u2013 c\u2019est le nom du projet \u2013 prend en charge ces enfants \u00ab perdus\u00bb, qui passent souvent \u00e0 travers les mailles du filet de protection, entre pr\u00e9vention, traitement et protection de l\u2019enfance. Gr\u00e2ce \u00e0 son engagement passionn\u00e9 et inestimable en faveur de ce projet, elle a pu transf\u00e9rer Wikip, en 2014, dans la \u00ab Schweizer Stiftung zur F\u00f6rderung der psychischen Gesundheit von Kindern und Jugendlichen \u00bb, une fondation cr\u00e9\u00e9e sp\u00e9cialement dans ce but.<\/p>\n<p><iframe title=\"PrixSana2015 2 Ga\u0308umann\" width=\"800\" height=\"450\" src=\"https:\/\/www.youtube.com\/embed\/7tye11KZ9OY?feature=oembed\" frameborder=\"0\" allow=\"accelerometer; autoplay; clipboard-write; encrypted-media; gyroscope; picture-in-picture\" allowfullscreen><\/iframe><\/p>\n<p><strong>Coralie Baraviera<\/strong>, de Sonceboz, n\u2019avait que 22 ans lorsque son mari a subi un grave accident avec traumatisme c\u00e9r\u00e9bral, deux ans seulement apr\u00e8s leur mariage. Elle l\u2019a accompagn\u00e9 sans r\u00e9serve le long de toutes ses th\u00e9rapies et traitements. Elle lui a donn\u00e9 le courage de vivre et une famille avec deux enfants. Aujourd\u2019hui, sept ans plus tard, la situation reste difficile, mais n\u2019est plus d\u00e9sesp\u00e9r\u00e9e. Coralie Baraviera nous a touch\u00e9s par son attitude positive face \u00e0 la vie, y compris dans les situations difficiles.<\/p>\n<p><iframe title=\"PrixSana2015 1 Baraviera\" width=\"800\" height=\"450\" src=\"https:\/\/www.youtube.com\/embed\/Ttlm_nP2R0w?feature=oembed\" frameborder=\"0\" allow=\"accelerometer; autoplay; clipboard-write; encrypted-media; gyroscope; picture-in-picture\" allowfullscreen><\/iframe><\/p>\n<p>&nbsp;<\/p>\n<p>[\/two_third]<\/p>\n<p>[one_third_last valign=\u00a0\u00bbtop\u00a0\u00bb animation=\u00a0\u00bbnone\u00a0\u00bb]<\/p>\n<p>[box style=\u00a0\u00bbsimple\u00a0\u00bb]<\/p>\n<p><strong>MEDIAS<\/strong><\/p>\n<p><a href=\"http:\/\/www.fondation-sana.ch\/wp-content\/uploads\/2015\/12\/Communique_de_presse_PrixSana_2015.pdf\">Communique de presse 2015<\/a><a href=\"http:\/\/www.fondation-sana.ch\/wp-content\/uploads\/2015\/11\/fotos_prixsana_2015_luzern.zip\"><br \/>\nImages 2015 (ZIP)<\/a><\/p>\n<p>[\/box]<\/p>\n<div id='gallery-1' class='gallery galleryid-2124 gallery-columns-2 gallery-size-thumbnail'><figure class='gallery-item'>\n\t\t\t<div class='gallery-icon landscape'>\n\t\t\t\t<a href='https:\/\/www.fondation-sana.ch\/wp-content\/uploads\/2015\/11\/prixsana_2015_luzern_8.jpg'><img decoding=\"async\" width=\"150\" height=\"150\" src=\"https:\/\/www.fondation-sana.ch\/wp-content\/uploads\/2015\/11\/prixsana_2015_luzern_8-150x150.jpg\" class=\"attachment-thumbnail size-thumbnail\" alt=\"\" srcset=\"https:\/\/www.fondation-sana.ch\/wp-content\/uploads\/2015\/11\/prixsana_2015_luzern_8-150x150.jpg 150w, https:\/\/www.fondation-sana.ch\/wp-content\/uploads\/2015\/11\/prixsana_2015_luzern_8-55x55.jpg 55w\" sizes=\"(max-width: 150px) 100vw, 150px\" \/><\/a>\n\t\t\t<\/div><\/figure><figure class='gallery-item'>\n\t\t\t<div class='gallery-icon landscape'>\n\t\t\t\t<a href='https:\/\/www.fondation-sana.ch\/wp-content\/uploads\/2015\/11\/prixsana_2015_luzern_5.jpg'><img decoding=\"async\" width=\"150\" height=\"150\" src=\"https:\/\/www.fondation-sana.ch\/wp-content\/uploads\/2015\/11\/prixsana_2015_luzern_5-150x150.jpg\" class=\"attachment-thumbnail size-thumbnail\" alt=\"\" srcset=\"https:\/\/www.fondation-sana.ch\/wp-content\/uploads\/2015\/11\/prixsana_2015_luzern_5-150x150.jpg 150w, https:\/\/www.fondation-sana.ch\/wp-content\/uploads\/2015\/11\/prixsana_2015_luzern_5-55x55.jpg 55w\" sizes=\"(max-width: 150px) 100vw, 150px\" \/><\/a>\n\t\t\t<\/div><\/figure><figure class='gallery-item'>\n\t\t\t<div class='gallery-icon landscape'>\n\t\t\t\t<a href='https:\/\/www.fondation-sana.ch\/wp-content\/uploads\/2015\/11\/prixsana_2015_luzern_2.jpg'><img decoding=\"async\" width=\"150\" height=\"150\" src=\"https:\/\/www.fondation-sana.ch\/wp-content\/uploads\/2015\/11\/prixsana_2015_luzern_2-150x150.jpg\" class=\"attachment-thumbnail size-thumbnail\" alt=\"\" srcset=\"https:\/\/www.fondation-sana.ch\/wp-content\/uploads\/2015\/11\/prixsana_2015_luzern_2-150x150.jpg 150w, https:\/\/www.fondation-sana.ch\/wp-content\/uploads\/2015\/11\/prixsana_2015_luzern_2-55x55.jpg 55w\" sizes=\"(max-width: 150px) 100vw, 150px\" \/><\/a>\n\t\t\t<\/div><\/figure><figure class='gallery-item'>\n\t\t\t<div class='gallery-icon landscape'>\n\t\t\t\t<a href='https:\/\/www.fondation-sana.ch\/wp-content\/uploads\/2015\/11\/prixsana_2015_luzern_9.jpg'><img loading=\"lazy\" decoding=\"async\" width=\"150\" height=\"150\" src=\"https:\/\/www.fondation-sana.ch\/wp-content\/uploads\/2015\/11\/prixsana_2015_luzern_9-150x150.jpg\" class=\"attachment-thumbnail size-thumbnail\" alt=\"\" srcset=\"https:\/\/www.fondation-sana.ch\/wp-content\/uploads\/2015\/11\/prixsana_2015_luzern_9-150x150.jpg 150w, https:\/\/www.fondation-sana.ch\/wp-content\/uploads\/2015\/11\/prixsana_2015_luzern_9-55x55.jpg 55w\" sizes=\"(max-width: 150px) 100vw, 150px\" \/><\/a>\n\t\t\t<\/div><\/figure><figure class='gallery-item'>\n\t\t\t<div class='gallery-icon landscape'>\n\t\t\t\t<a href='https:\/\/www.fondation-sana.ch\/wp-content\/uploads\/2015\/11\/prixsana_2015_luzern_3.jpg'><img loading=\"lazy\" decoding=\"async\" width=\"150\" height=\"150\" src=\"https:\/\/www.fondation-sana.ch\/wp-content\/uploads\/2015\/11\/prixsana_2015_luzern_3-150x150.jpg\" class=\"attachment-thumbnail size-thumbnail\" alt=\"\" srcset=\"https:\/\/www.fondation-sana.ch\/wp-content\/uploads\/2015\/11\/prixsana_2015_luzern_3-150x150.jpg 150w, https:\/\/www.fondation-sana.ch\/wp-content\/uploads\/2015\/11\/prixsana_2015_luzern_3-55x55.jpg 55w\" sizes=\"(max-width: 150px) 100vw, 150px\" \/><\/a>\n\t\t\t<\/div><\/figure><figure class='gallery-item'>\n\t\t\t<div class='gallery-icon landscape'>\n\t\t\t\t<a href='https:\/\/www.fondation-sana.ch\/wp-content\/uploads\/2015\/11\/prixsana_2015_luzern_4.jpg'><img loading=\"lazy\" decoding=\"async\" width=\"150\" height=\"150\" src=\"https:\/\/www.fondation-sana.ch\/wp-content\/uploads\/2015\/11\/prixsana_2015_luzern_4-150x150.jpg\" class=\"attachment-thumbnail size-thumbnail\" alt=\"\" srcset=\"https:\/\/www.fondation-sana.ch\/wp-content\/uploads\/2015\/11\/prixsana_2015_luzern_4-150x150.jpg 150w, https:\/\/www.fondation-sana.ch\/wp-content\/uploads\/2015\/11\/prixsana_2015_luzern_4-55x55.jpg 55w\" sizes=\"(max-width: 150px) 100vw, 150px\" \/><\/a>\n\t\t\t<\/div><\/figure><figure class='gallery-item'>\n\t\t\t<div class='gallery-icon landscape'>\n\t\t\t\t<a href='https:\/\/www.fondation-sana.ch\/wp-content\/uploads\/2015\/11\/prixsana_2015_luzern_7.jpg'><img loading=\"lazy\" decoding=\"async\" width=\"150\" height=\"150\" src=\"https:\/\/www.fondation-sana.ch\/wp-content\/uploads\/2015\/11\/prixsana_2015_luzern_7-150x150.jpg\" class=\"attachment-thumbnail size-thumbnail\" alt=\"\" srcset=\"https:\/\/www.fondation-sana.ch\/wp-content\/uploads\/2015\/11\/prixsana_2015_luzern_7-150x150.jpg 150w, https:\/\/www.fondation-sana.ch\/wp-content\/uploads\/2015\/11\/prixsana_2015_luzern_7-55x55.jpg 55w\" sizes=\"(max-width: 150px) 100vw, 150px\" \/><\/a>\n\t\t\t<\/div><\/figure><figure class='gallery-item'>\n\t\t\t<div class='gallery-icon landscape'>\n\t\t\t\t<a href='https:\/\/www.fondation-sana.ch\/wp-content\/uploads\/2015\/11\/prixsana_2015_luzern_1.jpg'><img loading=\"lazy\" decoding=\"async\" width=\"150\" height=\"150\" src=\"https:\/\/www.fondation-sana.ch\/wp-content\/uploads\/2015\/11\/prixsana_2015_luzern_1-150x150.jpg\" class=\"attachment-thumbnail size-thumbnail\" alt=\"\" srcset=\"https:\/\/www.fondation-sana.ch\/wp-content\/uploads\/2015\/11\/prixsana_2015_luzern_1-150x150.jpg 150w, https:\/\/www.fondation-sana.ch\/wp-content\/uploads\/2015\/11\/prixsana_2015_luzern_1-55x55.jpg 55w\" sizes=\"(max-width: 150px) 100vw, 150px\" \/><\/a>\n\t\t\t<\/div><\/figure><figure class='gallery-item'>\n\t\t\t<div class='gallery-icon landscape'>\n\t\t\t\t<a href='https:\/\/www.fondation-sana.ch\/wp-content\/uploads\/2015\/11\/prixsana_2015_luzern_6.jpg'><img loading=\"lazy\" decoding=\"async\" width=\"150\" height=\"150\" src=\"https:\/\/www.fondation-sana.ch\/wp-content\/uploads\/2015\/11\/prixsana_2015_luzern_6-150x150.jpg\" class=\"attachment-thumbnail size-thumbnail\" alt=\"\" srcset=\"https:\/\/www.fondation-sana.ch\/wp-content\/uploads\/2015\/11\/prixsana_2015_luzern_6-150x150.jpg 150w, https:\/\/www.fondation-sana.ch\/wp-content\/uploads\/2015\/11\/prixsana_2015_luzern_6-55x55.jpg 55w\" sizes=\"(max-width: 150px) 100vw, 150px\" \/><\/a>\n\t\t\t<\/div><\/figure>\n\t\t<\/div>\n\n<p>[\/one_third_last]<\/p>\n","protected":false},"excerpt":{"rendered":"<p>[two_third valign=\u00a0\u00bbtop\u00a0\u00bb animation=\u00a0\u00bbnone\u00a0\u00bb] Le \u00ab Prix Sana \u00bb 2015 distingue des engagements d\u00e9sint\u00e9ress\u00e9s en faveur d\u2019enfants et de la famille En 2015, le Prix Sana, le prix de la sant\u00e9 le mieux dot\u00e9 de Suisse avec 30&rsquo;000 francs, va dans les cantons de Berne, de Zurich et du Jura. Trois laur\u00e9ats ont \u00e9t\u00e9 r\u00e9compens\u00e9s par [&hellip;]<\/p>\n","protected":false},"author":1,"featured_media":0,"parent":2149,"menu_order":0,"comment_status":"closed","ping_status":"closed","template":"","meta":{"_acf_changed":false,"_monsterinsights_skip_tracking":false,"_monsterinsights_sitenote_active":false,"_monsterinsights_sitenote_note":"","_monsterinsights_sitenote_category":0,"footnotes":""},"class_list":["post-2124","page","type-page","status-publish","hentry"],"acf":[],"_links":{"self":[{"href":"https:\/\/www.fondation-sana.ch\/fr\/wp-json\/wp\/v2\/pages\/2124","targetHints":{"allow":["GET"]}}],"collection":[{"href":"https:\/\/www.fondation-sana.ch\/fr\/wp-json\/wp\/v2\/pages"}],"about":[{"href":"https:\/\/www.fondation-sana.ch\/fr\/wp-json\/wp\/v2\/types\/page"}],"author":[{"embeddable":true,"href":"https:\/\/www.fondation-sana.ch\/fr\/wp-json\/wp\/v2\/users\/1"}],"replies":[{"embeddable":true,"href":"https:\/\/www.fondation-sana.ch\/fr\/wp-json\/wp\/v2\/comments?post=2124"}],"version-history":[{"count":5,"href":"https:\/\/www.fondation-sana.ch\/fr\/wp-json\/wp\/v2\/pages\/2124\/revisions"}],"predecessor-version":[{"id":2257,"href":"https:\/\/www.fondation-sana.ch\/fr\/wp-json\/wp\/v2\/pages\/2124\/revisions\/2257"}],"up":[{"embeddable":true,"href":"https:\/\/www.fondation-sana.ch\/fr\/wp-json\/wp\/v2\/pages\/2149"}],"wp:attachment":[{"href":"https:\/\/www.fondation-sana.ch\/fr\/wp-json\/wp\/v2\/media?parent=2124"}],"curies":[{"name":"wp","href":"https:\/\/api.w.org\/{rel}","templated":true}]}}