{"id":2353,"date":"2016-11-09T15:32:33","date_gmt":"2016-11-09T14:32:33","guid":{"rendered":"http:\/\/www.fondation-sana.ch\/fr\/prix-sana\/prix-sana-2016\/"},"modified":"2020-09-19T05:15:40","modified_gmt":"2020-09-19T03:15:40","slug":"prix-sana-2016-old-page","status":"publish","type":"page","link":"https:\/\/www.fondation-sana.ch\/fr\/prix-sana\/prix-sana-2016-old-page\/","title":{"rendered":"Prix Sana 2016"},"content":{"rendered":"<p>[two_third valign=\u00a0\u00bbtop\u00a0\u00bb animation=\u00a0\u00bbnone\u00a0\u00bb]<\/p>\n<h2>Le Prix Sana 2016 revient \u00e0 Heidi Reber, de Rohrbach, et Heidi Zihlmann, de Schwarzenberg<\/h2>\n<p><strong>Le Prix Sana 2016 revient \u00e0 deux femmes: Heidi Reber, de Rohrbach BE, et Heidi Zihlmann, de Schwarzenberg LU, ont re\u00e7u chacune 15&rsquo;000 francs pour leur engagement aussi ancien que d\u00e9sint\u00e9ress\u00e9 et en faveur de personnes d\u00e9pendantes dans leur entourage. Le Prix Sana est d\u00e9cern\u00e9 depuis six ans par la Fondation Sana. La c\u00e9r\u00e9monie de remise des prix a \u00e9t\u00e9 pr\u00e9sent\u00e9e par Nik Hartmann au Centre suisse des parapl\u00e9giques \u00e0 Nottwil.<\/strong><\/p>\n<p>Dot\u00e9 de 30&rsquo;000\u00a0francs, le Prix Sana est la distinction la mieux r\u00e9mun\u00e9r\u00e9e remise \u00e0 des particuliers dans le domaine de la sant\u00e9 en Suisse. \u00ab\u00a0Nombreux sont ceux qui s\u2019engagent jour apr\u00e8s jour, souvent pendant des ann\u00e9es et de mani\u00e8re d\u00e9sint\u00e9ress\u00e9e, en faveur de la sant\u00e9 de personnes de leur entourage, malades, ayant besoin d\u2019aide ou qui se trouvent en marge de la soci\u00e9t\u00e9\u00a0\u00bb, explique le Prof. Dr. med. Martin Meuli, directeur de la clinique de chirurgie p\u00e9diatrique de l\u2019H\u00f4pital universitaire de Zurich et pr\u00e9sident du jury. L\u2019histoire de ces deux laur\u00e9ates est exemplaire \u00e0 ses yeux. \u00ab\u00a0Avec le Prix Sana, ce sont ces gens qui apportent leur aide en toute discr\u00e9tion que nous souhaitons honorer. \u00bb<\/p>\n<p><strong>Heidi Reber (70) de\u00a0Rohrbach BE<\/strong> s\u2019est occup\u00e9e d\u2019autrui pratiquement toute sa vie. \u00ab S\u2019il existait un Prix Nobel de l\u2019engagement social, c\u2019est Heidi Reber qui devrait le recevoir \u00bb, d\u00e9clare son amie de longue date, qui a donn\u00e9 sa voix \u00e0 Heidi Reber pour le Prix Sana. Heidi Reber veut maintenant \u00e9crire un livre sur ses rencontres avec toutes les personnes qu\u2019elle a aid\u00e9es dans les phases difficiles de leur vie.<\/p>\n<p><iframe title=\"PrixSana2016 Reber UT\" width=\"800\" height=\"450\" src=\"https:\/\/www.youtube.com\/embed\/WCnjz_0uhTc?feature=oembed\" frameborder=\"0\" allow=\"accelerometer; autoplay; clipboard-write; encrypted-media; gyroscope; picture-in-picture\" allowfullscreen><\/iframe><\/p>\n<p><strong>Heidi Zihlmann de\u00a0Schwarzenberg LU<\/strong>, la seconde laur\u00e9ate, est \u00e2g\u00e9e de 52 ans et n\u2019est jamais partie en vacances. Sa fille dit qu\u2019elle n\u2019a tout simplement jamais eu le temps d\u2019en prendre. Pendant des ann\u00e9es, dans sa ferme, elle a soign\u00e9 ses proches gravement malades, parfois jusqu\u2019\u00e0 leur mort. Sa fille souhaite que Heidi Zihlmann puisse maintenant r\u00e9aliser son r\u00eave, jusqu\u2019\u00e0 pr\u00e9sent tenu secret: s\u2019offrir des vacances.<\/p>\n<p><iframe title=\"PrixSana2016 Zihlmann UT\" width=\"800\" height=\"450\" src=\"https:\/\/www.youtube.com\/embed\/ouUKep1M76w?feature=oembed\" frameborder=\"0\" allow=\"accelerometer; autoplay; clipboard-write; encrypted-media; gyroscope; picture-in-picture\" allowfullscreen><\/iframe><\/p>\n<p><strong>Les deux femmes ont \u00e9t\u00e9 honor\u00e9es avec un prix de 15&rsquo;000 francs chacune et la sculpture Prix Sana de Gottfried Honegger.<\/strong><\/p>\n<h2>\u00c0 la recherche de nouveaux candidats<\/h2>\n<p>\u00c0 travers le Prix Sana, la Fondation Sana, d\u2019utilit\u00e9 publique, distingue et soutient l\u2019engagement b\u00e9n\u00e9vole et altruiste en faveur de la sant\u00e9 d\u2019autrui. La recherche de laur\u00e9ats potentiels pour le Prix Sana\u00a02017 a d\u00e9j\u00e0 commenc\u00e9. Les propositions peuvent \u00eatre soumises \u00e0 la fondation jusqu\u2019au 31\u00a0mars\u00a02017. Parmi toutes les personnes qui soumettront un candidat, trois seront tir\u00e9es au sort et remporteront chacune un bon pour un s\u00e9jour dans un h\u00f4tel d\u2019une valeur de 1000\u00a0francs chacun.<\/p>\n<p>[\/two_third]<\/p>\n<p>[one_third_last valign=\u00a0\u00bbtop\u00a0\u00bb animation=\u00a0\u00bbnone\u00a0\u00bb]<\/p>\n<p>[box style=\u00a0\u00bbsimple\u00a0\u00bb]<\/p>\n<p><strong>MEDIAS<\/strong><\/p>\n<p><a href=\"http:\/\/www.fondation-sana.ch\/wp-content\/uploads\/2016\/11\/Medienmitteilung_PrixSana-2016_f.pdf\">Communique de presse 2016<br \/>\n<\/a><a href=\"http:\/\/www.fondation-sana.ch\/wp-content\/uploads\/2016\/11\/images_prix_sana_2016.zip\">Images 2016 (ZIP)<\/a><\/p>\n<p>[\/box]<\/p>\n<div id='gallery-1' class='gallery galleryid-2353 gallery-columns-2 gallery-size-thumbnail'><figure class='gallery-item'>\n\t\t\t<div class='gallery-icon landscape'>\n\t\t\t\t<a href='https:\/\/www.fondation-sana.ch\/wp-content\/uploads\/2016\/11\/004_PrixSana_mak.jpg'><img decoding=\"async\" width=\"150\" height=\"150\" src=\"https:\/\/www.fondation-sana.ch\/wp-content\/uploads\/2016\/11\/004_PrixSana_mak-150x150.jpg\" class=\"attachment-thumbnail size-thumbnail\" alt=\"\" srcset=\"https:\/\/www.fondation-sana.ch\/wp-content\/uploads\/2016\/11\/004_PrixSana_mak-150x150.jpg 150w, https:\/\/www.fondation-sana.ch\/wp-content\/uploads\/2016\/11\/004_PrixSana_mak-55x55.jpg 55w\" sizes=\"(max-width: 150px) 100vw, 150px\" \/><\/a>\n\t\t\t<\/div><\/figure><figure class='gallery-item'>\n\t\t\t<div class='gallery-icon landscape'>\n\t\t\t\t<a href='https:\/\/www.fondation-sana.ch\/wp-content\/uploads\/2016\/11\/002_PrixSana_mak.jpg'><img decoding=\"async\" width=\"150\" height=\"150\" src=\"https:\/\/www.fondation-sana.ch\/wp-content\/uploads\/2016\/11\/002_PrixSana_mak-150x150.jpg\" class=\"attachment-thumbnail size-thumbnail\" alt=\"\" srcset=\"https:\/\/www.fondation-sana.ch\/wp-content\/uploads\/2016\/11\/002_PrixSana_mak-150x150.jpg 150w, https:\/\/www.fondation-sana.ch\/wp-content\/uploads\/2016\/11\/002_PrixSana_mak-55x55.jpg 55w\" sizes=\"(max-width: 150px) 100vw, 150px\" \/><\/a>\n\t\t\t<\/div><\/figure><figure class='gallery-item'>\n\t\t\t<div class='gallery-icon landscape'>\n\t\t\t\t<a href='https:\/\/www.fondation-sana.ch\/wp-content\/uploads\/2016\/11\/007_PrixSana_mak.jpg'><img decoding=\"async\" width=\"150\" height=\"150\" src=\"https:\/\/www.fondation-sana.ch\/wp-content\/uploads\/2016\/11\/007_PrixSana_mak-150x150.jpg\" class=\"attachment-thumbnail size-thumbnail\" alt=\"\" srcset=\"https:\/\/www.fondation-sana.ch\/wp-content\/uploads\/2016\/11\/007_PrixSana_mak-150x150.jpg 150w, https:\/\/www.fondation-sana.ch\/wp-content\/uploads\/2016\/11\/007_PrixSana_mak-55x55.jpg 55w\" sizes=\"(max-width: 150px) 100vw, 150px\" \/><\/a>\n\t\t\t<\/div><\/figure><figure class='gallery-item'>\n\t\t\t<div class='gallery-icon landscape'>\n\t\t\t\t<a href='https:\/\/www.fondation-sana.ch\/wp-content\/uploads\/2016\/11\/010_PrixSana_mak.jpg'><img loading=\"lazy\" decoding=\"async\" width=\"150\" height=\"150\" src=\"https:\/\/www.fondation-sana.ch\/wp-content\/uploads\/2016\/11\/010_PrixSana_mak-150x150.jpg\" class=\"attachment-thumbnail size-thumbnail\" alt=\"\" srcset=\"https:\/\/www.fondation-sana.ch\/wp-content\/uploads\/2016\/11\/010_PrixSana_mak-150x150.jpg 150w, https:\/\/www.fondation-sana.ch\/wp-content\/uploads\/2016\/11\/010_PrixSana_mak-55x55.jpg 55w\" sizes=\"(max-width: 150px) 100vw, 150px\" \/><\/a>\n\t\t\t<\/div><\/figure><figure class='gallery-item'>\n\t\t\t<div class='gallery-icon landscape'>\n\t\t\t\t<a href='https:\/\/www.fondation-sana.ch\/wp-content\/uploads\/2016\/11\/009_PrixSana_mak.jpg'><img loading=\"lazy\" decoding=\"async\" width=\"150\" height=\"150\" src=\"https:\/\/www.fondation-sana.ch\/wp-content\/uploads\/2016\/11\/009_PrixSana_mak-150x150.jpg\" class=\"attachment-thumbnail size-thumbnail\" alt=\"\" srcset=\"https:\/\/www.fondation-sana.ch\/wp-content\/uploads\/2016\/11\/009_PrixSana_mak-150x150.jpg 150w, https:\/\/www.fondation-sana.ch\/wp-content\/uploads\/2016\/11\/009_PrixSana_mak-55x55.jpg 55w\" sizes=\"(max-width: 150px) 100vw, 150px\" \/><\/a>\n\t\t\t<\/div><\/figure><figure class='gallery-item'>\n\t\t\t<div class='gallery-icon landscape'>\n\t\t\t\t<a href='https:\/\/www.fondation-sana.ch\/wp-content\/uploads\/2016\/11\/001_PrixSana_mak.jpg'><img loading=\"lazy\" decoding=\"async\" width=\"150\" height=\"150\" src=\"https:\/\/www.fondation-sana.ch\/wp-content\/uploads\/2016\/11\/001_PrixSana_mak-150x150.jpg\" class=\"attachment-thumbnail size-thumbnail\" alt=\"\" srcset=\"https:\/\/www.fondation-sana.ch\/wp-content\/uploads\/2016\/11\/001_PrixSana_mak-150x150.jpg 150w, https:\/\/www.fondation-sana.ch\/wp-content\/uploads\/2016\/11\/001_PrixSana_mak-55x55.jpg 55w\" sizes=\"(max-width: 150px) 100vw, 150px\" \/><\/a>\n\t\t\t<\/div><\/figure><figure class='gallery-item'>\n\t\t\t<div class='gallery-icon landscape'>\n\t\t\t\t<a href='https:\/\/www.fondation-sana.ch\/wp-content\/uploads\/2016\/11\/003_PrixSana_mak.jpg'><img loading=\"lazy\" decoding=\"async\" width=\"150\" height=\"150\" src=\"https:\/\/www.fondation-sana.ch\/wp-content\/uploads\/2016\/11\/003_PrixSana_mak-150x150.jpg\" class=\"attachment-thumbnail size-thumbnail\" alt=\"\" srcset=\"https:\/\/www.fondation-sana.ch\/wp-content\/uploads\/2016\/11\/003_PrixSana_mak-150x150.jpg 150w, https:\/\/www.fondation-sana.ch\/wp-content\/uploads\/2016\/11\/003_PrixSana_mak-55x55.jpg 55w\" sizes=\"(max-width: 150px) 100vw, 150px\" \/><\/a>\n\t\t\t<\/div><\/figure><figure class='gallery-item'>\n\t\t\t<div class='gallery-icon landscape'>\n\t\t\t\t<a href='https:\/\/www.fondation-sana.ch\/wp-content\/uploads\/2016\/11\/005_PrixSana_mak.jpg'><img loading=\"lazy\" decoding=\"async\" width=\"150\" height=\"150\" src=\"https:\/\/www.fondation-sana.ch\/wp-content\/uploads\/2016\/11\/005_PrixSana_mak-150x150.jpg\" class=\"attachment-thumbnail size-thumbnail\" alt=\"\" srcset=\"https:\/\/www.fondation-sana.ch\/wp-content\/uploads\/2016\/11\/005_PrixSana_mak-150x150.jpg 150w, https:\/\/www.fondation-sana.ch\/wp-content\/uploads\/2016\/11\/005_PrixSana_mak-55x55.jpg 55w\" sizes=\"(max-width: 150px) 100vw, 150px\" \/><\/a>\n\t\t\t<\/div><\/figure><figure class='gallery-item'>\n\t\t\t<div class='gallery-icon landscape'>\n\t\t\t\t<a href='https:\/\/www.fondation-sana.ch\/wp-content\/uploads\/2016\/11\/008_PrixSana_mak.jpg'><img loading=\"lazy\" decoding=\"async\" width=\"150\" height=\"150\" src=\"https:\/\/www.fondation-sana.ch\/wp-content\/uploads\/2016\/11\/008_PrixSana_mak-150x150.jpg\" class=\"attachment-thumbnail size-thumbnail\" alt=\"\" srcset=\"https:\/\/www.fondation-sana.ch\/wp-content\/uploads\/2016\/11\/008_PrixSana_mak-150x150.jpg 150w, https:\/\/www.fondation-sana.ch\/wp-content\/uploads\/2016\/11\/008_PrixSana_mak-55x55.jpg 55w\" sizes=\"(max-width: 150px) 100vw, 150px\" \/><\/a>\n\t\t\t<\/div><\/figure><figure class='gallery-item'>\n\t\t\t<div class='gallery-icon landscape'>\n\t\t\t\t<a href='https:\/\/www.fondation-sana.ch\/wp-content\/uploads\/2016\/11\/006_PrixSana_mak.jpg'><img loading=\"lazy\" decoding=\"async\" width=\"150\" height=\"150\" src=\"https:\/\/www.fondation-sana.ch\/wp-content\/uploads\/2016\/11\/006_PrixSana_mak-150x150.jpg\" class=\"attachment-thumbnail size-thumbnail\" alt=\"\" srcset=\"https:\/\/www.fondation-sana.ch\/wp-content\/uploads\/2016\/11\/006_PrixSana_mak-150x150.jpg 150w, https:\/\/www.fondation-sana.ch\/wp-content\/uploads\/2016\/11\/006_PrixSana_mak-55x55.jpg 55w\" sizes=\"(max-width: 150px) 100vw, 150px\" \/><\/a>\n\t\t\t<\/div><\/figure>\n\t\t<\/div>\n\n<p>[\/one_third_last]<\/p>\n","protected":false},"excerpt":{"rendered":"<p>[two_third valign=\u00a0\u00bbtop\u00a0\u00bb animation=\u00a0\u00bbnone\u00a0\u00bb] Le Prix Sana 2016 revient \u00e0 Heidi Reber, de Rohrbach, et Heidi Zihlmann, de Schwarzenberg Le Prix Sana 2016 revient \u00e0 deux femmes: Heidi Reber, de Rohrbach BE, et Heidi Zihlmann, de Schwarzenberg LU, ont re\u00e7u chacune 15&rsquo;000 francs pour leur engagement aussi ancien que d\u00e9sint\u00e9ress\u00e9 et en faveur de personnes d\u00e9pendantes [&hellip;]<\/p>\n","protected":false},"author":1,"featured_media":0,"parent":2149,"menu_order":0,"comment_status":"closed","ping_status":"closed","template":"","meta":{"_acf_changed":false,"_monsterinsights_skip_tracking":false,"_monsterinsights_sitenote_active":false,"_monsterinsights_sitenote_note":"","_monsterinsights_sitenote_category":0,"footnotes":""},"class_list":["post-2353","page","type-page","status-publish","hentry"],"acf":[],"_links":{"self":[{"href":"https:\/\/www.fondation-sana.ch\/fr\/wp-json\/wp\/v2\/pages\/2353","targetHints":{"allow":["GET"]}}],"collection":[{"href":"https:\/\/www.fondation-sana.ch\/fr\/wp-json\/wp\/v2\/pages"}],"about":[{"href":"https:\/\/www.fondation-sana.ch\/fr\/wp-json\/wp\/v2\/types\/page"}],"author":[{"embeddable":true,"href":"https:\/\/www.fondation-sana.ch\/fr\/wp-json\/wp\/v2\/users\/1"}],"replies":[{"embeddable":true,"href":"https:\/\/www.fondation-sana.ch\/fr\/wp-json\/wp\/v2\/comments?post=2353"}],"version-history":[{"count":8,"href":"https:\/\/www.fondation-sana.ch\/fr\/wp-json\/wp\/v2\/pages\/2353\/revisions"}],"predecessor-version":[{"id":2411,"href":"https:\/\/www.fondation-sana.ch\/fr\/wp-json\/wp\/v2\/pages\/2353\/revisions\/2411"}],"up":[{"embeddable":true,"href":"https:\/\/www.fondation-sana.ch\/fr\/wp-json\/wp\/v2\/pages\/2149"}],"wp:attachment":[{"href":"https:\/\/www.fondation-sana.ch\/fr\/wp-json\/wp\/v2\/media?parent=2353"}],"curies":[{"name":"wp","href":"https:\/\/api.w.org\/{rel}","templated":true}]}}