{"id":3341,"date":"2020-08-03T14:00:49","date_gmt":"2020-08-03T12:00:49","guid":{"rendered":"http:\/\/www.fondation-sana.ch\/?page_id=3341"},"modified":"2025-01-10T15:59:09","modified_gmt":"2025-01-10T14:59:09","slug":"commissions","status":"publish","type":"page","link":"https:\/\/www.fondation-sana.ch\/fr\/fondation\/commissions\/","title":{"rendered":"Commissions"},"content":{"rendered":"<p>[two_third valign=\u00a0\u00bbtop\u00a0\u00bb animation=\u00a0\u00bbnone\u00a0\u00bb]<\/p>\n<h3>Commission Fonds d&rsquo;aide pour les assur\u00e9s dans le besoin<\/h3>\n<p>La commission du Fonds d&rsquo;aide pour les assur\u00e9s dans le besoin prend les d\u00e9cisions portant sur l&rsquo;ensemble des domaines de comp\u00e9tence du Fonds. Elle est habilit\u00e9e, par requ\u00eate et par ann\u00e9e, \u00e0 accorder des contributions de soutien d&rsquo;un montant maximum de CHF 15 000.\u2013. A la demande de la commission du Fonds, le Comit\u00e9 du Conseil de Fondation d\u00e9cide d&rsquo;accorder des montants sup\u00e9rieurs.<\/p>\n<h3>Commission Fonds pour la promotion de la sant\u00e9, de la recherche et de la pr\u00e9vention<\/h3>\n<p>La commission du Fonds pour la promotion de la sant\u00e9, de la recherche et de la pr\u00e9vention prend les d\u00e9cisions portant sur l&rsquo;ensemble des domaines de comp\u00e9tence du Fonds. Elle est habilit\u00e9e, par requ\u00eate et par ann\u00e9e, \u00e0 accorder des contributions de soutien d&rsquo;un montant maximum de CHF 15 000.\u2013. A la demande de la commission du Fonds, le Comit\u00e9 du Conseil de Fondation d\u00e9cide d&rsquo;accorder des montants sup\u00e9rieurs.<\/p>\n<h3>Commission de placements<\/h3>\n<p>La Commission de placements intervient \u00e0 la demande du Comit\u00e9 du Conseil de Fondation. Sa mission est de surveiller les placements de la Fondation r\u00e9alis\u00e9s sur la base de l&rsquo;allocation strat\u00e9gique des actifs. En outre, elle donne \u00e0 l&rsquo;expert externe en placements les instructions correspondantes. Dans le cas o\u00f9 la comp\u00e9tence pour la d\u00e9cision de placement n&rsquo;est pas d\u00e9l\u00e9gu\u00e9e \u00e0 l&rsquo;administrateur externe du patrimoine, elle est pr\u00e9vue dans les dispositions du r\u00e8glement de placement.<\/p>\n<h3>Commission Prix Sana<\/h3>\n<p>La Commission Prix Sana est nomm\u00e9e par le Comit\u00e9 du Conseil de Fondation. Elle est responsable de la mise au concours, du classement des nominations ainsi que de l\u2019organisation de la remise du Prix.<\/p>\n<p>[\/two_third]<\/p>\n<p>[one_third_last valign=\u00a0\u00bbtop\u00a0\u00bb animation=\u00a0\u00bbnone\u00a0\u00bb]<\/p>\n<p>[box style=\u00a0\u00bbsimple\u00a0\u00bb]<\/p>\n<p><strong>MEMBRES<\/strong><\/p>\n<p>Commission Fonds d&rsquo;aide pour les assur\u00e9s dans le besoin<\/p>\n[table \u201c6\u201d not found \/]<br \/>\n\n<p>Commission Fonds pour la promotion de la sant\u00e9, de la recherche et de la pr\u00e9vention<\/p>\n[table \u201c13\u201d not found \/]<br \/>\n\n<p>Commission de placements<\/p>\n[table \u201c17\u201d not found \/]<br \/>\n\n<p>Commission Prix Sana<\/p>\n[table \u201c20\u201d not found \/]<br \/>\n\n<p>[\/box]<\/p>\n<p>[\/one_third_last]<\/p>\n","protected":false},"excerpt":{"rendered":"<p>[two_third valign=\u00a0\u00bbtop\u00a0\u00bb animation=\u00a0\u00bbnone\u00a0\u00bb] Commission Fonds d&rsquo;aide pour les assur\u00e9s dans le besoin La commission du Fonds d&rsquo;aide pour les assur\u00e9s dans le besoin prend les d\u00e9cisions portant sur l&rsquo;ensemble des domaines de comp\u00e9tence du Fonds. Elle est habilit\u00e9e, par requ\u00eate et par ann\u00e9e, \u00e0 accorder des contributions de soutien d&rsquo;un montant maximum de CHF 15 [&hellip;]<\/p>\n","protected":false},"author":2,"featured_media":0,"parent":892,"menu_order":0,"comment_status":"closed","ping_status":"closed","template":"","meta":{"_acf_changed":false,"_monsterinsights_skip_tracking":false,"_monsterinsights_sitenote_active":false,"_monsterinsights_sitenote_note":"","_monsterinsights_sitenote_category":0,"footnotes":""},"class_list":["post-3341","page","type-page","status-publish","hentry"],"acf":[],"_links":{"self":[{"href":"https:\/\/www.fondation-sana.ch\/fr\/wp-json\/wp\/v2\/pages\/3341","targetHints":{"allow":["GET"]}}],"collection":[{"href":"https:\/\/www.fondation-sana.ch\/fr\/wp-json\/wp\/v2\/pages"}],"about":[{"href":"https:\/\/www.fondation-sana.ch\/fr\/wp-json\/wp\/v2\/types\/page"}],"author":[{"embeddable":true,"href":"https:\/\/www.fondation-sana.ch\/fr\/wp-json\/wp\/v2\/users\/2"}],"replies":[{"embeddable":true,"href":"https:\/\/www.fondation-sana.ch\/fr\/wp-json\/wp\/v2\/comments?post=3341"}],"version-history":[{"count":1,"href":"https:\/\/www.fondation-sana.ch\/fr\/wp-json\/wp\/v2\/pages\/3341\/revisions"}],"predecessor-version":[{"id":7341,"href":"https:\/\/www.fondation-sana.ch\/fr\/wp-json\/wp\/v2\/pages\/3341\/revisions\/7341"}],"up":[{"embeddable":true,"href":"https:\/\/www.fondation-sana.ch\/fr\/wp-json\/wp\/v2\/pages\/892"}],"wp:attachment":[{"href":"https:\/\/www.fondation-sana.ch\/fr\/wp-json\/wp\/v2\/media?parent=3341"}],"curies":[{"name":"wp","href":"https:\/\/api.w.org\/{rel}","templated":true}]}}