{"id":6012,"date":"2021-07-15T15:09:58","date_gmt":"2021-07-15T13:09:58","guid":{"rendered":"https:\/\/www.fondation-sana.ch\/prix-sana\/le-prix-sana-a-10-ans\/"},"modified":"2021-07-15T17:32:57","modified_gmt":"2021-07-15T15:32:57","slug":"le-prix-sana-a-10-ans","status":"publish","type":"page","link":"https:\/\/www.fondation-sana.ch\/fr\/prix-sana\/le-prix-sana-a-10-ans\/","title":{"rendered":"Le Prix Sana a 10 ans"},"content":{"rendered":"<p>En 2020, le Prix Sana a \u00e9t\u00e9 d\u00e9cern\u00e9 pour la dixi\u00e8me fois \u00e0 des personnes qui s\u2019engagent de mani\u00e8re altruiste pour le bien de leurs semblables. Chaque ann\u00e9e, la Fondation Sana distingue ces bienfaitrices et ces bienfaiteurs discrets, qui fournissent une contribution inestimable pour la sant\u00e9. Durant ces dix ann\u00e9es, 30 laur\u00e9ates et laur\u00e9ats ont \u00e9t\u00e9 r\u00e9compens\u00e9s pour leur engagement et ont re\u00e7u un montant total de 290&rsquo;000 francs. A l\u2019avenir \u00e9galement, la Fondation Sana continuera de distinguer des hommes et des femmes ayant fourni une contribution extraordinaire dans le domaine de la sant\u00e9.<\/p>\n<p>A l\u2019occasion de ce 10\u00e8me anniversaire, la Fondation Sana a r\u00e9alis\u00e9 un film avec des extraits des portraits des laur\u00e9ates et des laur\u00e9ats des ann\u00e9es 201-2019 et des interviews des personnes impliqu\u00e9es.<\/p>\n<p>&nbsp;<\/p>\n<p><iframe title=\"10 Jahre Prix Sana\" width=\"800\" height=\"450\" src=\"https:\/\/www.youtube.com\/embed\/F2aZ1L4e3T0?feature=oembed\" frameborder=\"0\" allow=\"accelerometer; autoplay; clipboard-write; encrypted-media; gyroscope; picture-in-picture\" allowfullscreen><\/iframe><\/p>\n<p>&nbsp;<\/p>\n<p>&nbsp;<\/p>\n","protected":false},"excerpt":{"rendered":"<p>En 2020, le Prix Sana a \u00e9t\u00e9 d\u00e9cern\u00e9 pour la dixi\u00e8me fois \u00e0 des personnes qui s\u2019engagent de mani\u00e8re altruiste pour le bien de leurs semblables. Chaque ann\u00e9e, la Fondation Sana distingue ces bienfaitrices et ces bienfaiteurs discrets, qui fournissent une contribution inestimable pour la sant\u00e9. Durant ces dix ann\u00e9es, 30 laur\u00e9ates et laur\u00e9ats ont [&hellip;]<\/p>\n","protected":false},"author":2,"featured_media":0,"parent":2149,"menu_order":0,"comment_status":"closed","ping_status":"closed","template":"","meta":{"_acf_changed":false,"_monsterinsights_skip_tracking":false,"_monsterinsights_sitenote_active":false,"_monsterinsights_sitenote_note":"","_monsterinsights_sitenote_category":0,"footnotes":""},"class_list":["post-6012","page","type-page","status-publish","hentry"],"acf":[],"_links":{"self":[{"href":"https:\/\/www.fondation-sana.ch\/fr\/wp-json\/wp\/v2\/pages\/6012","targetHints":{"allow":["GET"]}}],"collection":[{"href":"https:\/\/www.fondation-sana.ch\/fr\/wp-json\/wp\/v2\/pages"}],"about":[{"href":"https:\/\/www.fondation-sana.ch\/fr\/wp-json\/wp\/v2\/types\/page"}],"author":[{"embeddable":true,"href":"https:\/\/www.fondation-sana.ch\/fr\/wp-json\/wp\/v2\/users\/2"}],"replies":[{"embeddable":true,"href":"https:\/\/www.fondation-sana.ch\/fr\/wp-json\/wp\/v2\/comments?post=6012"}],"version-history":[{"count":8,"href":"https:\/\/www.fondation-sana.ch\/fr\/wp-json\/wp\/v2\/pages\/6012\/revisions"}],"predecessor-version":[{"id":6044,"href":"https:\/\/www.fondation-sana.ch\/fr\/wp-json\/wp\/v2\/pages\/6012\/revisions\/6044"}],"up":[{"embeddable":true,"href":"https:\/\/www.fondation-sana.ch\/fr\/wp-json\/wp\/v2\/pages\/2149"}],"wp:attachment":[{"href":"https:\/\/www.fondation-sana.ch\/fr\/wp-json\/wp\/v2\/media?parent=6012"}],"curies":[{"name":"wp","href":"https:\/\/api.w.org\/{rel}","templated":true}]}}