{"id":798,"date":"2014-11-07T02:21:31","date_gmt":"2014-11-07T02:21:31","guid":{"rendered":"http:\/\/194.126.200.58\/~fondati1\/?page_id=798"},"modified":"2020-09-30T19:59:16","modified_gmt":"2020-09-30T17:59:16","slug":"portrait","status":"publish","type":"page","link":"https:\/\/www.fondation-sana.ch\/fr\/fondation\/portrait\/","title":{"rendered":"Portrait"},"content":{"rendered":"<h2>Le but de la Fondation Sana est d\u00e9fini comme suit \u00e0 l&rsquo;article 2 des statuts :<\/h2>\n<ol>\n<li>La fondation s\u2019engage en faveur d\u2019une sant\u00e9 publique de bonne qualit\u00e9.<\/li>\n<li>Elle est autoris\u00e9e \u00e0 apporter, dans un but pr\u00e9cis, un soutien aux assur\u00e9s d\u2019Helsana n\u00e9cessitant une aide financi\u00e8re (ou autre) dans le domaine de la sant\u00e9. Elle peut en outre verser des fonds d\u2019encouragement dans tout le domaine de la sant\u00e9 publique, y compris la recherche, l\u2019enseignement et la pr\u00e9vention, et remettre des prix de la sant\u00e9.<\/li>\n<li>La fondation d\u00e9tient et g\u00e8re une participation au capital actions d\u2019Helsana, dans le but d\u2019assurer la stabilit\u00e9 et la continuit\u00e9 de l\u2019entreprise. Elle peut participer \u00e0 d\u2019autres entreprises et tenir des placements.<\/li>\n<li>La fondation a un caract\u00e8re d\u2019utilit\u00e9 publique et ne poursuit aucun but lucratif. Elle constitue des r\u00e9serves lui permettant de continuer \u00e0 poursuivre le but de la fondation \u00e0 partir des revenus de ces provisions, en cas d\u2019absence prolong\u00e9e d\u2019apports de moyens.<\/li>\n<\/ol>\n<p>Le but de la Fondation Sana est d&rsquo;assurer la continuit\u00e9 et la stabilit\u00e9 du Groupe Helsana et d&rsquo;exercer la fonction de contr\u00f4le. Sa participation dans le Groupe Helsana repr\u00e9sente la part d\u00e9terminante du capital de la Fondation et g\u00e9n\u00e8re la plus grande partie de ses recettes. Les activit\u00e9s du Fonds Sana sont ainsi financ\u00e9es, entre autres, par ces revenus. La Fondation Sana est soumise au Contr\u00f4le f\u00e9d\u00e9ral des fondations et lui rend compte annuellement sur ses activit\u00e9s.<\/p>\n<h2>Organigramme<\/h2>\n<p>Les organes de la Fondation Sana sont le Conseil de Fondation, la Commission du Conseil de Fondation et l\u2019organe de r\u00e9vision. Le Fonds d\u2019aide pour les assur\u00e9s dans le besoin, le Fonds pour la promotion de la sant\u00e9, de la recherche et de la pr\u00e9vention, le <a title=\"Prix Sana\" href=\"http:\/\/www.fondation-sana.ch\/fr\/prix-sana\/\">Prix Sana<\/a> ainsi que le d\u00e9p\u00f4t des valeurs mobili\u00e8res sont g\u00e9r\u00e9s par quatre commissions permanentes. Le Bureau, constitu\u00e9 du Secr\u00e9taire du Conseil de Fondation et d\u2019un adjoint administratif soutient les organismes ex\u00e9cutifs et les commissions.<\/p>\n<p><a href=\"https:\/\/www.fondation-sana.ch\/wp-content\/uploads\/2014\/10\/Organigramm_f.jpg\"><img fetchpriority=\"high\" decoding=\"async\" class=\"aligncenter wp-image-3626 size-full\" src=\"http:\/\/www.fondation-sana.ch\/wp-content\/uploads\/2014\/10\/Organigramm_f.jpg\" alt=\"Organigramm_f\" width=\"497\" height=\"256\" srcset=\"https:\/\/www.fondation-sana.ch\/wp-content\/uploads\/2014\/10\/Organigramm_f.jpg 497w, https:\/\/www.fondation-sana.ch\/wp-content\/uploads\/2014\/10\/Organigramm_f-300x154.jpg 300w, https:\/\/www.fondation-sana.ch\/wp-content\/uploads\/2014\/10\/Organigramm_f-320x164.jpg 320w, https:\/\/www.fondation-sana.ch\/wp-content\/uploads\/2014\/10\/Organigramm_f-239x123.jpg 239w\" sizes=\"(max-width: 497px) 100vw, 497px\" \/><\/a><\/p>\n","protected":false},"excerpt":{"rendered":"<p>Le but de la Fondation Sana est d\u00e9fini comme suit \u00e0 l&rsquo;article 2 des statuts : La fondation s\u2019engage en faveur d\u2019une sant\u00e9 publique de bonne qualit\u00e9. Elle est autoris\u00e9e \u00e0 apporter, dans un but pr\u00e9cis, un soutien aux assur\u00e9s d\u2019Helsana n\u00e9cessitant une aide financi\u00e8re (ou autre) dans le domaine de la sant\u00e9. Elle peut [&hellip;]<\/p>\n","protected":false},"author":2,"featured_media":0,"parent":892,"menu_order":0,"comment_status":"closed","ping_status":"closed","template":"","meta":{"_acf_changed":false,"_monsterinsights_skip_tracking":false,"_monsterinsights_sitenote_active":false,"_monsterinsights_sitenote_note":"","_monsterinsights_sitenote_category":0,"footnotes":""},"class_list":["post-798","page","type-page","status-publish","hentry"],"acf":[],"_links":{"self":[{"href":"https:\/\/www.fondation-sana.ch\/fr\/wp-json\/wp\/v2\/pages\/798","targetHints":{"allow":["GET"]}}],"collection":[{"href":"https:\/\/www.fondation-sana.ch\/fr\/wp-json\/wp\/v2\/pages"}],"about":[{"href":"https:\/\/www.fondation-sana.ch\/fr\/wp-json\/wp\/v2\/types\/page"}],"author":[{"embeddable":true,"href":"https:\/\/www.fondation-sana.ch\/fr\/wp-json\/wp\/v2\/users\/2"}],"replies":[{"embeddable":true,"href":"https:\/\/www.fondation-sana.ch\/fr\/wp-json\/wp\/v2\/comments?post=798"}],"version-history":[{"count":6,"href":"https:\/\/www.fondation-sana.ch\/fr\/wp-json\/wp\/v2\/pages\/798\/revisions"}],"predecessor-version":[{"id":5086,"href":"https:\/\/www.fondation-sana.ch\/fr\/wp-json\/wp\/v2\/pages\/798\/revisions\/5086"}],"up":[{"embeddable":true,"href":"https:\/\/www.fondation-sana.ch\/fr\/wp-json\/wp\/v2\/pages\/892"}],"wp:attachment":[{"href":"https:\/\/www.fondation-sana.ch\/fr\/wp-json\/wp\/v2\/media?parent=798"}],"curies":[{"name":"wp","href":"https:\/\/api.w.org\/{rel}","templated":true}]}}