{"id":846,"date":"2014-11-05T22:44:45","date_gmt":"2014-11-05T21:44:45","guid":{"rendered":"http:\/\/194.126.200.58\/~fondati1\/?page_id=846"},"modified":"2024-10-04T14:33:34","modified_gmt":"2024-10-04T12:33:34","slug":"deposer-une-requete","status":"publish","type":"page","link":"https:\/\/www.fondation-sana.ch\/fr\/fonds\/le-fonds-daide-pour-assures-dans-le-besoin\/deposer-une-requete\/","title":{"rendered":"D\u00e9poser une requ\u00eate"},"content":{"rendered":"\t\t<div data-elementor-type=\"wp-page\" data-elementor-id=\"846\" class=\"elementor elementor-846\" data-elementor-post-type=\"page\">\n\t\t\t\t\t\t<section class=\"elementor-section elementor-top-section elementor-element elementor-element-6f3eab08 elementor-section-boxed elementor-section-height-default elementor-section-height-default\" data-id=\"6f3eab08\" data-element_type=\"section\" data-e-type=\"section\">\n\t\t\t\t\t\t<div class=\"elementor-container elementor-column-gap-default\">\n\t\t\t\t\t<div class=\"elementor-column elementor-col-100 elementor-top-column elementor-element elementor-element-22bb4591\" data-id=\"22bb4591\" data-element_type=\"column\" data-e-type=\"column\">\n\t\t\t<div class=\"elementor-widget-wrap elementor-element-populated\">\n\t\t\t\t\t\t<div class=\"elementor-element elementor-element-433bd3f8 elementor-widget elementor-widget-text-editor\" data-id=\"433bd3f8\" data-element_type=\"widget\" data-e-type=\"widget\" data-widget_type=\"text-editor.default\">\n\t\t\t\t<div class=\"elementor-widget-container\">\n\t\t\t\t\t\t\t\t\t<p>Les requ\u00eates au Fonds d\u2019aide pour assur\u00e9s dans le besoin doivent satisfaire aux conditions du r\u00e8glement du fonds et \u00eatre accompagn\u00e9s d\u2019une justification \u00e9crite. Vous trouverez ce r\u00e8glement et d\u2019autres documents n\u00e9cessaires pour le d\u00e9p\u00f4t d\u2019une requ\u00eate sous la rubrique \u00ab T\u00e9l\u00e9chargements et documents \u00bb. Vous pouvez nous soumettre votre requ\u00eate par courrier postal, par courriel ou au moyen du formulaire en ligne. Les documents suivants doivent \u00eatre joints \u00e0 la requ\u00eate&nbsp;:<\/p>\n<ul>\n<li>Justification \u00e9crite<\/li>\n<li>Copie de la police d\u2019assurance obligatoire des soins actuelle (Helsana).<\/li>\n<li>Copie de la derni\u00e8re taxation d\u00e9finitive (pas de d\u00e9claration d\u2019imp\u00f4ts) ou autre document officiel attestant votre situation financi\u00e8re<\/li>\n<li>Procuration sign\u00e9e de la Fondation Sana \/ lev\u00e9e du secret m\u00e9dical<\/li>\n<li>Attestation de votre m\u00e9decin\/dentiste de la n\u00e9cessit\u00e9 m\u00e9dicale du traitement concern\u00e9<\/li>\n<li>R\u00e9capitulation \/ pr\u00e9sentation des co\u00fbts effectifs, p.ex. offre, devis, etc.<\/li>\n<li>Dans le cas de traitements dentaires : Le formulaire \u00abDescriptif de la denture\u00bb (\u00e0 compl\u00e9ter par votre m\u00e9decin dentiste) et radiographies (sur un support de donn\u00e9es ou par courriel \u00e0 <a href=\"mailto:in**@************na.ch\" data-original-string=\"tB9\/X2IIJJkEnk2lGI1eIg==928SKRw2pybIo5\/8dRcxRG+mMllcseUGCujyQw4mOQGzVE=\" title=\"This contact has been encoded by Anti-Spam by CleanTalk. Click to decode. To finish the decoding make sure that JavaScript is enabled in your browser.\"><span \n                data-original-string='xhocr9JZcqFUgkYQXx5BUg==928RHaOMPBrd4MxU5LWZLJEm3npNn6rKQz2p67xM20xeOc='\n                class='apbct-email-encoder'\n                title='This contact has been encoded by Anti-Spam by CleanTalk. Click to decode. To finish the decoding make sure that JavaScript is enabled in your browser.'>in<span class=\"apbct-blur\">**<\/span>@<span class=\"apbct-blur\">************<\/span>na.ch<\/span><\/a>)<\/li>\n<\/ul>\n<p>ainsi que d\u2019autres documents attestant que les conditions pour l\u2019octroi de prestations de soutien sont satisfaites.<\/p>\n<p>Avez-vous des questions compl\u00e9mentaires sur la pr\u00e9sentation de la requ\u00eate&nbsp;? Le Bureau de la Fondation Sana vous apporte volontiers son aide au num\u00e9ro de t\u00e9l\u00e9phone 031 368 15 83.<\/p>\t\t\t\t\t\t\t\t<\/div>\n\t\t\t\t<\/div>\n\t\t\t\t\t<\/div>\n\t\t<\/div>\n\t\t\t\t\t<\/div>\n\t\t<\/section>\n\t\t\t\t<\/div>\n\t\t","protected":false},"excerpt":{"rendered":"<p>Les requ\u00eates au Fonds d\u2019aide pour assur\u00e9s dans le besoin doivent satisfaire aux conditions du r\u00e8glement du fonds et \u00eatre accompagn\u00e9s d\u2019une justification \u00e9crite. Vous trouverez ce r\u00e8glement et d\u2019autres documents n\u00e9cessaires pour le d\u00e9p\u00f4t d\u2019une requ\u00eate sous la rubrique \u00ab T\u00e9l\u00e9chargements et documents \u00bb. Vous pouvez nous soumettre votre requ\u00eate par courrier postal, par [&hellip;]<\/p>\n","protected":false},"author":2,"featured_media":0,"parent":863,"menu_order":0,"comment_status":"closed","ping_status":"closed","template":"","meta":{"_acf_changed":false,"_monsterinsights_skip_tracking":false,"_monsterinsights_sitenote_active":false,"_monsterinsights_sitenote_note":"","_monsterinsights_sitenote_category":0,"footnotes":""},"class_list":["post-846","page","type-page","status-publish","hentry"],"acf":[],"_links":{"self":[{"href":"https:\/\/www.fondation-sana.ch\/fr\/wp-json\/wp\/v2\/pages\/846","targetHints":{"allow":["GET"]}}],"collection":[{"href":"https:\/\/www.fondation-sana.ch\/fr\/wp-json\/wp\/v2\/pages"}],"about":[{"href":"https:\/\/www.fondation-sana.ch\/fr\/wp-json\/wp\/v2\/types\/page"}],"author":[{"embeddable":true,"href":"https:\/\/www.fondation-sana.ch\/fr\/wp-json\/wp\/v2\/users\/2"}],"replies":[{"embeddable":true,"href":"https:\/\/www.fondation-sana.ch\/fr\/wp-json\/wp\/v2\/comments?post=846"}],"version-history":[{"count":30,"href":"https:\/\/www.fondation-sana.ch\/fr\/wp-json\/wp\/v2\/pages\/846\/revisions"}],"predecessor-version":[{"id":7074,"href":"https:\/\/www.fondation-sana.ch\/fr\/wp-json\/wp\/v2\/pages\/846\/revisions\/7074"}],"up":[{"embeddable":true,"href":"https:\/\/www.fondation-sana.ch\/fr\/wp-json\/wp\/v2\/pages\/863"}],"wp:attachment":[{"href":"https:\/\/www.fondation-sana.ch\/fr\/wp-json\/wp\/v2\/media?parent=846"}],"curies":[{"name":"wp","href":"https:\/\/api.w.org\/{rel}","templated":true}]}}