{"id":895,"date":"2014-11-07T07:47:28","date_gmt":"2014-11-07T07:47:28","guid":{"rendered":"http:\/\/194.126.200.58\/~fondati1\/?page_id=895"},"modified":"2020-09-23T09:19:30","modified_gmt":"2020-09-23T07:19:30","slug":"conseil-de-fondation","status":"publish","type":"page","link":"https:\/\/www.fondation-sana.ch\/fr\/fondation\/conseil-de-fondation\/","title":{"rendered":"Conseil de Fondation"},"content":{"rendered":"<p>Le Conseil de Fondation est l&rsquo;organe supr\u00eame de la Fondation Sana. Il est compos\u00e9 d&rsquo;au moins 15\u00a0et d&rsquo;un maximum de 50 personnes physiques. Celles-ci doivent avoir souscrit leur assurance maladie aupr\u00e8s d&rsquo;une entreprise faisant partie du Groupe Helsana et doivent \u00eatre li\u00e9es au but de la Fondation. La composition du Conseil de Fondation prend en consid\u00e9ration les grandes r\u00e9gions et les r\u00e9gions linguistiques suisses. A l&rsquo;exception de deux repr\u00e9sentants du personnel du Groupe Helsana, les membres n&rsquo;ont pas le droit d&rsquo;\u00eatre actif de mani\u00e8re op\u00e9rationnelle, pour le Groupe Helsana ou pour l&rsquo;une de ses filiales.<\/p>\n<h2>Le Conseil de Fondation est comp\u00e9tent pour :<\/h2>\n<ul>\n<li>\u00e9tablir l&rsquo;organisation de la Fondation<\/li>\n<li>choisir et r\u00e9voquer les membres du Conseil de Fondation, ainsi que le Pr\u00e9sident et le Vice-pr\u00e9sident<\/li>\n<li>choisir et r\u00e9voquer les membres du Comit\u00e9 du Conseil de Fondation<\/li>\n<li>choisir l&rsquo;organe de r\u00e9vision<\/li>\n<li>approuver le rapport annuel ainsi que les comptes annuels<\/li>\n<li>exercer une influence sur l&rsquo;activit\u00e9 commerciale du Groupe Helsana au travers de scrutins organis\u00e9s dans le cadre de l&rsquo;Assembl\u00e9e g\u00e9n\u00e9rale<\/li>\n<\/ul>\n","protected":false},"excerpt":{"rendered":"<p>Le Conseil de Fondation est l&rsquo;organe supr\u00eame de la Fondation Sana. Il est compos\u00e9 d&rsquo;au moins 15\u00a0et d&rsquo;un maximum de 50 personnes physiques. Celles-ci doivent avoir souscrit leur assurance maladie aupr\u00e8s d&rsquo;une entreprise faisant partie du Groupe Helsana et doivent \u00eatre li\u00e9es au but de la Fondation. La composition du Conseil de Fondation prend en [&hellip;]<\/p>\n","protected":false},"author":2,"featured_media":0,"parent":892,"menu_order":0,"comment_status":"closed","ping_status":"closed","template":"","meta":{"_acf_changed":false,"_monsterinsights_skip_tracking":false,"_monsterinsights_sitenote_active":false,"_monsterinsights_sitenote_note":"","_monsterinsights_sitenote_category":0,"footnotes":""},"class_list":["post-895","page","type-page","status-publish","hentry"],"acf":[],"_links":{"self":[{"href":"https:\/\/www.fondation-sana.ch\/fr\/wp-json\/wp\/v2\/pages\/895","targetHints":{"allow":["GET"]}}],"collection":[{"href":"https:\/\/www.fondation-sana.ch\/fr\/wp-json\/wp\/v2\/pages"}],"about":[{"href":"https:\/\/www.fondation-sana.ch\/fr\/wp-json\/wp\/v2\/types\/page"}],"author":[{"embeddable":true,"href":"https:\/\/www.fondation-sana.ch\/fr\/wp-json\/wp\/v2\/users\/2"}],"replies":[{"embeddable":true,"href":"https:\/\/www.fondation-sana.ch\/fr\/wp-json\/wp\/v2\/comments?post=895"}],"version-history":[{"count":7,"href":"https:\/\/www.fondation-sana.ch\/fr\/wp-json\/wp\/v2\/pages\/895\/revisions"}],"predecessor-version":[{"id":4785,"href":"https:\/\/www.fondation-sana.ch\/fr\/wp-json\/wp\/v2\/pages\/895\/revisions\/4785"}],"up":[{"embeddable":true,"href":"https:\/\/www.fondation-sana.ch\/fr\/wp-json\/wp\/v2\/pages\/892"}],"wp:attachment":[{"href":"https:\/\/www.fondation-sana.ch\/fr\/wp-json\/wp\/v2\/media?parent=895"}],"curies":[{"name":"wp","href":"https:\/\/api.w.org\/{rel}","templated":true}]}}