{"id":939,"date":"2014-11-07T09:41:13","date_gmt":"2014-11-07T09:41:13","guid":{"rendered":"http:\/\/194.126.200.58\/~fondati1\/?page_id=939"},"modified":"2020-09-19T05:12:33","modified_gmt":"2020-09-19T03:12:33","slug":"prix-sana-2012-2-old-page","status":"publish","type":"page","link":"https:\/\/www.fondation-sana.ch\/fr\/prix-sana\/prix-sana-2012-2-old-page\/","title":{"rendered":"Prix Sana 2012"},"content":{"rendered":"<p>[two_third valign=\u00a0\u00bbtop\u00a0\u00bb animation=\u00a0\u00bbnone\u00a0\u00bb]<\/p>\n<h3>Le 20 septembre la Fondation Sana a remis \u00e0 Berne le deuxi\u00e8me Prix Sana. La c\u00e9r\u00e9monie a \u00e9t\u00e9 l&rsquo;occasion d&rsquo;honorer quatre \u00ab h\u00e9ros de l&rsquo;ombre \u00bb qui se distinguent depuis des ann\u00e9es par leurs efforts pour am\u00e9liorer la qualit\u00e9 de vie de personnes malades ou handicap\u00e9es.<\/h3>\n<p>Le jury du Prix Sana, r\u00e9uni autour du professeur Ren\u00e9 Pr\u00eatre (m\u00e9decin p\u00e9diatre \u00e9lu Suisse de l&rsquo;ann\u00e9e 2009), avait retenu parmi la centaine de nominations trois candidatures particuli\u00e8rement impressionnantes. Le nom des laur\u00e9ats du prix, dot\u00e9 au total de 30 000 francs, a \u00e9t\u00e9 annonc\u00e9 hier au cours d&rsquo;une c\u00e9r\u00e9monie anim\u00e9e par Nik Hartmann.<\/p>\n<h3>Premier prix \u00e0 un couple d&rsquo;adoptants<\/h3>\n<p>Le Prix Sana 2012 a \u00e9t\u00e9 attribu\u00e9 \u00e0 Jean-Paul et Nicole Wettstein. Ce couple du Locle a adopt\u00e9 cinq enfants handicap\u00e9s originaires de l&rsquo;Inde et ne recule devant aucune d\u00e9pense ni aucun effort pour att\u00e9nuer les souffrances psychiques et physiques de ces enfants avec une patience et un amour infinis. Gr\u00e2ce au soutien de Jean-Paul et Nicole Wettstein, trois des enfants ont pu suivre une formation professionnelle compl\u00e8te. Le couple s&rsquo;occupe encore aujourd&rsquo;hui avec un d\u00e9vouement admirable de son fils autiste. Nicole Wettstein est elle-m\u00eame gravement malade depuis six ans et a d\u00e9j\u00e0 subi 28 op\u00e9rations.<\/p>\n<p><iframe title=\"Prix Sana 2012 - Wettstein mit Untertitel\" width=\"800\" height=\"450\" src=\"https:\/\/www.youtube.com\/embed\/WI48zJoHx3k?feature=oembed\" frameborder=\"0\" allow=\"accelerometer; autoplay; clipboard-write; encrypted-media; gyroscope; picture-in-picture\" allowfullscreen><\/iframe><\/p>\n<h3>Mention d&rsquo;honneur pour des actions hors normes<\/h3>\n<p>Outre le couple Wettstein, le jury du Prix Sana a souhait\u00e9 r\u00e9compenser Roger Gautschi de Konolfingen et Alexander Raouzeos de M\u00fcnchenstein en leur attribuant respectivement les 2e et 3e prix. Roger Gautschi a donn\u00e9 au cours de sa vie plus de 130 litres de sang \u2013 soit plus qu&rsquo;aucune autre personne dans le canton de Berne \u2013 et il continue \u00e0 donner son sang deux fois par mois selon un proc\u00e9d\u00e9 sp\u00e9cial. Il a ainsi d\u00e9j\u00e0 permis la gu\u00e9rison, voire la survie de nombreuses personnes. Pour Roger Gautschi, le don du sang anonyme est un moyen de faire une bonne action sans que quiconque se sente oblig\u00e9 de l&rsquo;en remercier personnellement.<\/p>\n<p><iframe title=\"Prix Sana 2012 - Gautschi mit Untertitel\" width=\"800\" height=\"450\" src=\"https:\/\/www.youtube.com\/embed\/xklsayvQbpw?feature=oembed\" frameborder=\"0\" allow=\"accelerometer; autoplay; clipboard-write; encrypted-media; gyroscope; picture-in-picture\" allowfullscreen><\/iframe><\/p>\n<p>Troisi\u00e8me laur\u00e9at de cette \u00e9dition, Alexander Raouzeos apporte depuis des ann\u00e9es son soutien \u00e0 des orphelins du Kosovo et amasse inlassablement de l&rsquo;argent et des moyens en tout genre pour des organisations telles que WWF ou M\u00e9decins Sans Fronti\u00e8res (MSF) \u2013 et cela, bien qu&rsquo;il soit lui-m\u00eame gravement handicap\u00e9 depuis son enfance \u00e0 la suite d&rsquo;une maladie tumorale et aujourd&rsquo;hui atteint de t\u00e9trapl\u00e9gie avec perte de la parole. Au prix d&rsquo;un effort admirable, il a par exemple tap\u00e9 avec un seul doigt un livre tout entier, l&rsquo;a mis en page et en a assur\u00e9 la vente au profit de l&rsquo;association de soins p\u00e9diatriques \u00e0 domicile Kinderspitex. Alexander Raouzeos confectionne et vend \u00e9galement des cartes d&rsquo;art, des jeux de memory et des signets et fait don des recettes ainsi r\u00e9colt\u00e9es \u00e0 des organisations. Le jury a \u00e9t\u00e9 tr\u00e8s impressionn\u00e9 par tant de force et d&rsquo;abn\u00e9gation de la part d&rsquo;un jeune homme souffrant lui-m\u00eame de graves probl\u00e8mes de sant\u00e9.<\/p>\n<p><iframe title=\"Prix Sana 2012 - Raouzeos mit Untertitel\" width=\"800\" height=\"450\" src=\"https:\/\/www.youtube.com\/embed\/JUnVHjEF0Xo?feature=oembed\" frameborder=\"0\" allow=\"accelerometer; autoplay; clipboard-write; encrypted-media; gyroscope; picture-in-picture\" allowfullscreen><\/iframe><\/p>\n<p>[\/two_third]<\/p>\n<p>[one_third_last valign=\u00a0\u00bbtop\u00a0\u00bb animation=\u00a0\u00bbnone\u00a0\u00bb]<\/p>\n<p>[box style=\u00a0\u00bbsimple\u00a0\u00bb]<\/p>\n<p><strong>MEDIAS<\/strong><\/p>\n<p><a href=\"http:\/\/www.fondation-sana.ch\/wp-content\/uploads\/2014\/11\/Communique_PrixSana_2012.pdf\">Communiqu\u00e9 de presse 2012 (PDF)<\/a><br \/>\n<a href=\"http:\/\/www.fondation-sana.ch\/wp-content\/uploads\/2014\/11\/Images_PrixSana_2012.zip\">Images 2012 (ZIP)<\/a><\/p>\n<p>[\/box]<\/p>\n<p>[\/one_third_last]<\/p>\n","protected":false},"excerpt":{"rendered":"<p>[two_third valign=\u00a0\u00bbtop\u00a0\u00bb animation=\u00a0\u00bbnone\u00a0\u00bb] Le 20 septembre la Fondation Sana a remis \u00e0 Berne le deuxi\u00e8me Prix Sana. La c\u00e9r\u00e9monie a \u00e9t\u00e9 l&rsquo;occasion d&rsquo;honorer quatre \u00ab h\u00e9ros de l&rsquo;ombre \u00bb qui se distinguent depuis des ann\u00e9es par leurs efforts pour am\u00e9liorer la qualit\u00e9 de vie de personnes malades ou handicap\u00e9es. Le jury du Prix Sana, r\u00e9uni [&hellip;]<\/p>\n","protected":false},"author":2,"featured_media":0,"parent":2149,"menu_order":0,"comment_status":"closed","ping_status":"closed","template":"","meta":{"_acf_changed":false,"_monsterinsights_skip_tracking":false,"_monsterinsights_sitenote_active":false,"_monsterinsights_sitenote_note":"","_monsterinsights_sitenote_category":0,"footnotes":""},"class_list":["post-939","page","type-page","status-publish","hentry"],"acf":[],"_links":{"self":[{"href":"https:\/\/www.fondation-sana.ch\/fr\/wp-json\/wp\/v2\/pages\/939","targetHints":{"allow":["GET"]}}],"collection":[{"href":"https:\/\/www.fondation-sana.ch\/fr\/wp-json\/wp\/v2\/pages"}],"about":[{"href":"https:\/\/www.fondation-sana.ch\/fr\/wp-json\/wp\/v2\/types\/page"}],"author":[{"embeddable":true,"href":"https:\/\/www.fondation-sana.ch\/fr\/wp-json\/wp\/v2\/users\/2"}],"replies":[{"embeddable":true,"href":"https:\/\/www.fondation-sana.ch\/fr\/wp-json\/wp\/v2\/comments?post=939"}],"version-history":[{"count":4,"href":"https:\/\/www.fondation-sana.ch\/fr\/wp-json\/wp\/v2\/pages\/939\/revisions"}],"predecessor-version":[{"id":1196,"href":"https:\/\/www.fondation-sana.ch\/fr\/wp-json\/wp\/v2\/pages\/939\/revisions\/1196"}],"up":[{"embeddable":true,"href":"https:\/\/www.fondation-sana.ch\/fr\/wp-json\/wp\/v2\/pages\/2149"}],"wp:attachment":[{"href":"https:\/\/www.fondation-sana.ch\/fr\/wp-json\/wp\/v2\/media?parent=939"}],"curies":[{"name":"wp","href":"https:\/\/api.w.org\/{rel}","templated":true}]}}