{"id":2169,"date":"2015-11-17T18:57:34","date_gmt":"2015-11-17T17:57:34","guid":{"rendered":"http:\/\/www.fondation-sana.ch\/it\/?page_id=2169"},"modified":"2026-02-24T14:51:17","modified_gmt":"2026-02-24T13:51:17","slug":"prix-sana","status":"publish","type":"page","link":"https:\/\/www.fondation-sana.ch\/it\/prix-sana\/","title":{"rendered":"Prix Sana"},"content":{"rendered":"\t\t<div data-elementor-type=\"wp-page\" data-elementor-id=\"2169\" class=\"elementor elementor-2169 elementor-2132\" data-elementor-post-type=\"page\">\n\t\t\t\t\t\t<section class=\"elementor-section elementor-top-section elementor-element elementor-element-2b475180 elementor-section-boxed elementor-section-height-default elementor-section-height-default\" data-id=\"2b475180\" data-element_type=\"section\" data-e-type=\"section\">\n\t\t\t\t\t\t<div class=\"elementor-container elementor-column-gap-default\">\n\t\t\t\t\t<div class=\"elementor-column elementor-col-100 elementor-top-column elementor-element elementor-element-322a9197\" data-id=\"322a9197\" data-element_type=\"column\" data-e-type=\"column\">\n\t\t\t<div class=\"elementor-widget-wrap elementor-element-populated\">\n\t\t\t\t\t\t<div class=\"elementor-element elementor-element-f2ba02a dce_masking-none elementor-widget elementor-widget-image\" data-id=\"f2ba02a\" data-element_type=\"widget\" data-e-type=\"widget\" data-widget_type=\"image.default\">\n\t\t\t\t<div class=\"elementor-widget-container\">\n\t\t\t\t\t\t\t\t\t\t\t\t\t\t\t<img fetchpriority=\"high\" decoding=\"async\" width=\"800\" height=\"450\" src=\"https:\/\/www.fondation-sana.ch\/wp-content\/uploads\/2020\/09\/img-heder-prix-sana-1024x576.jpg\" class=\"attachment-large size-large wp-image-4720\" alt=\"\" srcset=\"https:\/\/www.fondation-sana.ch\/wp-content\/uploads\/2020\/09\/img-heder-prix-sana-1024x576.jpg 1024w, https:\/\/www.fondation-sana.ch\/wp-content\/uploads\/2020\/09\/img-heder-prix-sana-300x169.jpg 300w, https:\/\/www.fondation-sana.ch\/wp-content\/uploads\/2020\/09\/img-heder-prix-sana-768x432.jpg 768w, https:\/\/www.fondation-sana.ch\/wp-content\/uploads\/2020\/09\/img-heder-prix-sana-1536x864.jpg 1536w, https:\/\/www.fondation-sana.ch\/wp-content\/uploads\/2020\/09\/img-heder-prix-sana-2048x1152.jpg 2048w\" sizes=\"(max-width: 800px) 100vw, 800px\" \/>\t\t\t\t\t\t\t\t\t\t\t\t\t\t\t<\/div>\n\t\t\t\t<\/div>\n\t\t\t\t<div class=\"elementor-element elementor-element-5dfff14a elementor-widget elementor-widget-text-editor\" data-id=\"5dfff14a\" data-element_type=\"widget\" data-e-type=\"widget\" data-widget_type=\"text-editor.default\">\n\t\t\t\t<div class=\"elementor-widget-container\">\n\t\t\t\t\t\t\t\t\t<p>Ogni anno, la Fondation Sana conferisce il Prix Sana a una o pi\u00f9 personne che si impegnano con altruismo per la salute degli altri in Svizzera. Con iniziativa e straordinario impegno \u00e8 possibile far nascere e realizzare cose inestimabili.<\/p><h2>Diventate madrina o padrino<\/h2><p>Aiutateci a trovare le benefattrici e i benefattori silenziosi che vivono tra noi! Se conoscete qualcuno che meriterebbe il Prix Sana, scriveteci. Il premio ha una dotazione complessiva di 30\u2019000 franchi. Per ringraziarvi della vostra partecipazione, estrarremo a sorte fra tutte le candidature pervenute, 3 x di 1\u2019000 franchi ciascuno.<\/p><h2>La Giuria<\/h2><p>Dopo un approfondito esame di tutte le candidature da parte di una giuria, verranno designati le vincitrici e i vincitori che parteciperanno poi, insieme alla madrina o al padrino, alla festa di premiazione con Nik Hartmann in veste di moderatore.<\/p><h2>Come funziona<\/h2><p>Compilate il formulario per la proposta. <span style=\"color: var( --e-global-color-text ); font-family: var( --e-global-typography-primary-font-family ); font-size: 1rem; font-weight: var( --e-global-typography-primary-font-weight );\">Il termine ultimo d\u2019invio \u00e8 il<\/span><span style=\"color: var( --e-global-color-text ); font-family: var( --e-global-typography-primary-font-family ); font-size: 1rem; font-weight: var( --e-global-typography-primary-font-weight );\">\u00a0<\/span><span style=\"color: var( --e-global-color-text ); font-family: var( --e-global-typography-primary-font-family ); font-size: 1rem; font-weight: bolder;\"><span style=\"font-weight: bolder;\">31 marzo 2026.<\/span><\/span><\/p>\t\t\t\t\t\t\t\t<\/div>\n\t\t\t\t<\/div>\n\t\t\t\t<div class=\"dce-fix-background-loop elementor-element elementor-element-10d260f textcontent-position-bottom_in acfposts-align-left elementor-widget elementor-widget-dyncontel-acfposts\" data-id=\"10d260f\" data-element_type=\"widget\" data-e-type=\"widget\" data-settings=\"{&quot;order_image&quot;:&quot;yes&quot;,&quot;textcontent_position&quot;:&quot;bottom_in&quot;}\" data-widget_type=\"dyncontel-acfposts.default\">\n\t\t\t\t<div class=\"elementor-widget-container\">\n\t\t\t\t\t\t\t\t<div class=\"acfposts-grid dce-posts-wrap flexgrid-style equalHMRWrap eqWrap\" data-style=\"flexgrid\">\n\n\t\t\t\t\n\t\t\t\t\t<div data-dce-post-id=\"7647\" class=\"dce-post-item dce-post-item-7647 dce-elementor-7647 elementor-7630 column-5   equalHMR eq\">\n\n\t\t\t\t\t\t\n\t\t\t\t\t\t<div class=\"dce-wrapper \">\n\n\t\t\t\t\t\t\t\n\t\t\t\t\t\t\t\t\t\t\t\t\t\t\t\t<div class=\"dce-acfposts_content\">\n\t\t\t\t\t\t\t\t\t<h2 class=\"dce-post-title\">\t\t<a href=\"https:\/\/www.fondation-sana.ch\/it\/prix-sana-2025\/\">Prix Sana 2025<\/a>\t\t<\/h2>\t\t<div class=\"dce-acfposts_image\">\n\t\t\t<div class=\"dce-acfposts_imagewrap\">\t\t\t<a href=\"https:\/\/www.fondation-sana.ch\/it\/prix-sana-2025\/\">\t\t\t\t\t\t\t<img decoding=\"async\" src=\"https:\/\/www.fondation-sana.ch\/wp-content\/uploads\/2025\/11\/prix-sana-2025-65-1024x683.jpg\" title=\"Prix Sana 2025\" class=\"acfposts-image\" \/>\n\t\t\t\t\n\t\t\t\t\t\t\t\t\t<\/a>\t\t\t<\/div>\t\t<\/div>\n\n\t\t<div class=\"dce-post-date\"><span class=\"d1\">8. Novembre 2025<\/span><\/div>\t\t<div class=\"dce_textcontent\">\n\t\t\t\t\t\tL\u2019inizio della vita dovrebbe essere privo di preoccupazioni e di paure. Purtroppo ci\u00f2 non \u00e8 sempre il caso e allora occorrono persone come Dina Hediger e Monika Bodmer, che offrono sostegno. Con il Prix Sana 2025 la Fondation Sana premia il loro grande impegno e la loro energia. Monika Bodmer ha vissuto un\u2019infanzia difficile con molte esperienze traumatiche. Da dieci anni, con la sua associazione ABRI e i suoi animali, aiuta bambini e giovani con un destino simile, ma pure persone malate, anziane e moribonde. Dina Hediger sa per esperienza propria che cosa preoccupa i genitori quando i bambini nascono con molto anticipo, e perci\u00f2 tre anni fa ha fondato l\u2019organizzazione Fr\u00fchchen &amp; Neokinder Schweiz (prematuri &amp; neobimbi Svizzera). Gi\u00e0 dopo poco tempo con numerose attivit\u00e0 \u00e8 riuscita a impostare punti chiave per famiglie colpite.\t\t<\/div>\n\t\t<div class=\"dce_readmore_wrapper\"><a href=\"https:\/\/www.fondation-sana.ch\/it\/prix-sana-2025\/\" class=\"dce_readmore_btn\">Pi\u00f9 \u2026<\/a><\/div>\n\t\t\t\t\t\t\t\t<\/div>\n\t\t\t\t\t\t\t\t\t\t\t\t\t\t\t\t\t\t\t\t\t\t<\/div><!-- end wrapper -->\n\n\t\t\t\t\t<\/div><!-- end item -->\n\n\t\t\t\t\t\n\t\t\t<\/div><!-- end grid -->\n\n\t\t\t\n\t\t\t\t\t\t\t<\/div>\n\t\t\t\t<\/div>\n\t\t\t\t\t<\/div>\n\t\t<\/div>\n\t\t\t\t\t<\/div>\n\t\t<\/section>\n\t\t\t\t<section class=\"elementor-section elementor-top-section elementor-element elementor-element-c2ebdee elementor-section-boxed elementor-section-height-default elementor-section-height-default\" data-id=\"c2ebdee\" data-element_type=\"section\" data-e-type=\"section\">\n\t\t\t\t\t\t<div class=\"elementor-container elementor-column-gap-default\">\n\t\t\t\t\t<div class=\"elementor-column elementor-col-100 elementor-top-column elementor-element elementor-element-c3790d5\" data-id=\"c3790d5\" data-element_type=\"column\" data-e-type=\"column\">\n\t\t\t<div class=\"elementor-widget-wrap\">\n\t\t\t\t\t\t\t<\/div>\n\t\t<\/div>\n\t\t\t\t\t<\/div>\n\t\t<\/section>\n\t\t\t\t<\/div>\n\t\t","protected":false},"excerpt":{"rendered":"<p>Ogni anno Helsana \u2013 azionista principale della Fondation Sana \u2013 conferisce il Prix Sana a una o pi\u00f9 persone.<\/p>\n","protected":false},"author":1,"featured_media":4720,"parent":0,"menu_order":0,"comment_status":"closed","ping_status":"closed","template":"","meta":{"_acf_changed":false,"_monsterinsights_skip_tracking":false,"_monsterinsights_sitenote_active":false,"_monsterinsights_sitenote_note":"","_monsterinsights_sitenote_category":0,"footnotes":""},"class_list":["post-2169","page","type-page","status-publish","has-post-thumbnail","hentry"],"acf":[],"_links":{"self":[{"href":"https:\/\/www.fondation-sana.ch\/it\/wp-json\/wp\/v2\/pages\/2169","targetHints":{"allow":["GET"]}}],"collection":[{"href":"https:\/\/www.fondation-sana.ch\/it\/wp-json\/wp\/v2\/pages"}],"about":[{"href":"https:\/\/www.fondation-sana.ch\/it\/wp-json\/wp\/v2\/types\/page"}],"author":[{"embeddable":true,"href":"https:\/\/www.fondation-sana.ch\/it\/wp-json\/wp\/v2\/users\/1"}],"replies":[{"embeddable":true,"href":"https:\/\/www.fondation-sana.ch\/it\/wp-json\/wp\/v2\/comments?post=2169"}],"version-history":[{"count":109,"href":"https:\/\/www.fondation-sana.ch\/it\/wp-json\/wp\/v2\/pages\/2169\/revisions"}],"predecessor-version":[{"id":7838,"href":"https:\/\/www.fondation-sana.ch\/it\/wp-json\/wp\/v2\/pages\/2169\/revisions\/7838"}],"wp:featuredmedia":[{"embeddable":true,"href":"https:\/\/www.fondation-sana.ch\/it\/wp-json\/wp\/v2\/media\/4720"}],"wp:attachment":[{"href":"https:\/\/www.fondation-sana.ch\/it\/wp-json\/wp\/v2\/media?parent=2169"}],"curies":[{"name":"wp","href":"https:\/\/api.w.org\/{rel}","templated":true}]}}