{"id":4939,"date":"2020-09-23T11:18:43","date_gmt":"2020-09-23T09:18:43","guid":{"rendered":"https:\/\/www.fondation-sana.ch\/prix-sana\/geschichte\/"},"modified":"2020-09-23T14:56:22","modified_gmt":"2020-09-23T12:56:22","slug":"storia","status":"publish","type":"page","link":"https:\/\/www.fondation-sana.ch\/it\/prix-sana\/storia\/","title":{"rendered":"Storia"},"content":{"rendered":"\t\t<div data-elementor-type=\"wp-page\" data-elementor-id=\"4939\" class=\"elementor elementor-4939 elementor-4893\" data-elementor-post-type=\"page\">\n\t\t\t\t\t\t<section class=\"elementor-section elementor-top-section elementor-element elementor-element-e0b3c18 elementor-section-full_width elementor-section-stretched elementor-section-height-default elementor-section-height-default\" data-id=\"e0b3c18\" data-element_type=\"section\" data-e-type=\"section\" data-settings=\"{&quot;stretch_section&quot;:&quot;section-stretched&quot;,&quot;background_background&quot;:&quot;classic&quot;}\">\n\t\t\t\t\t\t<div class=\"elementor-container elementor-column-gap-default\">\n\t\t\t\t\t<div class=\"elementor-column elementor-col-100 elementor-top-column elementor-element elementor-element-d6b2f4d\" data-id=\"d6b2f4d\" data-element_type=\"column\" data-e-type=\"column\">\n\t\t\t<div class=\"elementor-widget-wrap elementor-element-populated\">\n\t\t\t\t\t\t<div class=\"elementor-element elementor-element-279e5da elementor-grid-3 elementor-grid-tablet-2 elementor-grid-mobile-1 elementor-posts--thumbnail-top elementor-posts__hover-gradient elementor-widget elementor-widget-posts\" data-id=\"279e5da\" data-element_type=\"widget\" data-e-type=\"widget\" data-settings=\"{&quot;cards_columns&quot;:&quot;3&quot;,&quot;cards_columns_tablet&quot;:&quot;2&quot;,&quot;cards_columns_mobile&quot;:&quot;1&quot;,&quot;cards_row_gap&quot;:{&quot;unit&quot;:&quot;px&quot;,&quot;size&quot;:35,&quot;sizes&quot;:[]},&quot;cards_row_gap_tablet&quot;:{&quot;unit&quot;:&quot;px&quot;,&quot;size&quot;:&quot;&quot;,&quot;sizes&quot;:[]},&quot;cards_row_gap_mobile&quot;:{&quot;unit&quot;:&quot;px&quot;,&quot;size&quot;:&quot;&quot;,&quot;sizes&quot;:[]}}\" data-widget_type=\"posts.cards\">\n\t\t\t\t<div class=\"elementor-widget-container\">\n\t\t\t\t\t\t\t<div class=\"elementor-posts-container elementor-posts elementor-posts--skin-cards elementor-grid\" role=\"list\">\n\t\t\t\t<article class=\"elementor-post elementor-grid-item post-7647 post type-post status-publish format-standard has-post-thumbnail hentry category-notizie\" role=\"listitem\">\n\t\t\t<div class=\"elementor-post__card\">\n\t\t\t\t<a class=\"elementor-post__thumbnail__link\" href=\"https:\/\/www.fondation-sana.ch\/it\/prix-sana-2025\/\" tabindex=\"-1\" ><div class=\"elementor-post__thumbnail\"><img fetchpriority=\"high\" decoding=\"async\" width=\"800\" height=\"534\" src=\"https:\/\/www.fondation-sana.ch\/wp-content\/uploads\/2025\/11\/prix-sana-2025-65-1024x683.jpg\" class=\"attachment-large size-large wp-image-7746\" alt=\"\" srcset=\"https:\/\/www.fondation-sana.ch\/wp-content\/uploads\/2025\/11\/prix-sana-2025-65-1024x683.jpg 1024w, https:\/\/www.fondation-sana.ch\/wp-content\/uploads\/2025\/11\/prix-sana-2025-65-300x200.jpg 300w, https:\/\/www.fondation-sana.ch\/wp-content\/uploads\/2025\/11\/prix-sana-2025-65-768x512.jpg 768w, https:\/\/www.fondation-sana.ch\/wp-content\/uploads\/2025\/11\/prix-sana-2025-65-1536x1024.jpg 1536w, https:\/\/www.fondation-sana.ch\/wp-content\/uploads\/2025\/11\/prix-sana-2025-65.jpg 1900w\" sizes=\"(max-width: 800px) 100vw, 800px\" \/><\/div><\/a>\n\t\t\t\t<div class=\"elementor-post__text\">\n\t\t\t\t<h2 class=\"elementor-post__title\">\n\t\t\t<a href=\"https:\/\/www.fondation-sana.ch\/it\/prix-sana-2025\/\" >\n\t\t\t\tPrix Sana 2025\t\t\t<\/a>\n\t\t<\/h2>\n\t\t\t\t<div class=\"elementor-post__excerpt\">\n\t\t\t<p>L\u2019inizio della vita dovrebbe essere privo di preoccupazioni e di paure. Purtroppo ci\u00f2 non \u00e8 sempre il caso e allora occorrono persone come Dina Hediger e Monika Bodmer, che offrono sostegno. Con il Prix Sana 2025 la Fondation Sana premia il loro grande impegno e la loro energia. Monika Bodmer ha vissuto un\u2019infanzia difficile con molte esperienze traumatiche. Da dieci anni, con la sua associazione ABRI e i suoi animali, aiuta bambini e giovani con un destino simile, ma pure persone malate, anziane e moribonde. Dina Hediger sa per esperienza propria che cosa preoccupa i genitori quando i bambini nascono con molto anticipo, e perci\u00f2 tre anni fa ha fondato l\u2019organizzazione Fr\u00fchchen &#038; Neokinder Schweiz (prematuri &#038; neobimbi Svizzera). Gi\u00e0 dopo poco tempo con numerose attivit\u00e0 \u00e8 riuscita a impostare punti chiave per famiglie colpite.<\/p>\n\t\t<\/div>\n\t\t\n\t\t<a class=\"elementor-post__read-more\" href=\"https:\/\/www.fondation-sana.ch\/it\/prix-sana-2025\/\" aria-label=\"Leggi tutto Prix Sana 2025\" tabindex=\"-1\" >\n\t\t\tPi\u00f9 \u2026\t\t<\/a>\n\n\t\t\t\t<\/div>\n\t\t\t\t<div class=\"elementor-post__meta-data\">\n\t\t\t\t\t<span class=\"elementor-post-date\">\n\t\t\t8 Novembre 2025\t\t<\/span>\n\t\t\t\t<\/div>\n\t\t\t\t\t<\/div>\n\t\t<\/article>\n\t\t\t\t<article class=\"elementor-post elementor-grid-item post-7211 post type-post status-publish format-standard has-post-thumbnail hentry category-notizie\" role=\"listitem\">\n\t\t\t<div class=\"elementor-post__card\">\n\t\t\t\t<a class=\"elementor-post__thumbnail__link\" href=\"https:\/\/www.fondation-sana.ch\/it\/prix-sana-2024\/\" tabindex=\"-1\" ><div class=\"elementor-post__thumbnail\"><img decoding=\"async\" width=\"800\" height=\"534\" src=\"https:\/\/www.fondation-sana.ch\/wp-content\/uploads\/2024\/11\/prix_sana_30nov2024_10-1024x683.jpg\" class=\"attachment-large size-large wp-image-7275\" alt=\"\" srcset=\"https:\/\/www.fondation-sana.ch\/wp-content\/uploads\/2024\/11\/prix_sana_30nov2024_10-1024x683.jpg 1024w, https:\/\/www.fondation-sana.ch\/wp-content\/uploads\/2024\/11\/prix_sana_30nov2024_10-300x200.jpg 300w, https:\/\/www.fondation-sana.ch\/wp-content\/uploads\/2024\/11\/prix_sana_30nov2024_10-768x512.jpg 768w\" sizes=\"(max-width: 800px) 100vw, 800px\" \/><\/div><\/a>\n\t\t\t\t<div class=\"elementor-post__text\">\n\t\t\t\t<h2 class=\"elementor-post__title\">\n\t\t\t<a href=\"https:\/\/www.fondation-sana.ch\/it\/prix-sana-2024\/\" >\n\t\t\t\tPrix Sana 2024\t\t\t<\/a>\n\t\t<\/h2>\n\t\t\t\t<div class=\"elementor-post__excerpt\">\n\t\t\t<p>Il Prix Sana significa un grosso impegno a favore di persone con problemi di salute e dei loro famigliari. Diagnosi quali il cancro e la demenza, infatti, comportano una svolta fondamentale nella vita e solleva molti interrogativi. Un accompagnamento prudente e comprensivo, in questi casi, \u00e8 molto prezioso, oltre\u00a0 al sostegno medico-sanitario da parte di specialisti. I peer della lega svizzera contro il cancro sanno per proprio vissuto quali domande preoccupano le persone confrontate con una diagnosi di tumore. Essi ricevono il Prix Sana in quanto gruppo. L\u2019altro Prix Sana viene conferito a Cristina De Biasio Marinella di San Gallo che con grande impegno sostiene persone affette da demenza in giovane et\u00e0 e pure le\/i loro partner e figli.<\/p>\n\t\t<\/div>\n\t\t\n\t\t<a class=\"elementor-post__read-more\" href=\"https:\/\/www.fondation-sana.ch\/it\/prix-sana-2024\/\" aria-label=\"Leggi tutto Prix Sana 2024\" tabindex=\"-1\" >\n\t\t\tPi\u00f9 \u2026\t\t<\/a>\n\n\t\t\t\t<\/div>\n\t\t\t\t<div class=\"elementor-post__meta-data\">\n\t\t\t\t\t<span class=\"elementor-post-date\">\n\t\t\t30 Novembre 2024\t\t<\/span>\n\t\t\t\t<\/div>\n\t\t\t\t\t<\/div>\n\t\t<\/article>\n\t\t\t\t<article class=\"elementor-post elementor-grid-item post-6845 post type-post status-publish format-standard has-post-thumbnail hentry category-notizie\" role=\"listitem\">\n\t\t\t<div class=\"elementor-post__card\">\n\t\t\t\t<a class=\"elementor-post__thumbnail__link\" href=\"https:\/\/www.fondation-sana.ch\/it\/prix-sana-2023\/\" tabindex=\"-1\" ><div class=\"elementor-post__thumbnail\"><img decoding=\"async\" width=\"800\" height=\"363\" src=\"https:\/\/www.fondation-sana.ch\/wp-content\/uploads\/2023\/11\/prixsana2023-gruppenbild-1024x464.jpg\" class=\"attachment-large size-large wp-image-6898\" alt=\"\" srcset=\"https:\/\/www.fondation-sana.ch\/wp-content\/uploads\/2023\/11\/prixsana2023-gruppenbild-1024x464.jpg 1024w, https:\/\/www.fondation-sana.ch\/wp-content\/uploads\/2023\/11\/prixsana2023-gruppenbild-300x136.jpg 300w, https:\/\/www.fondation-sana.ch\/wp-content\/uploads\/2023\/11\/prixsana2023-gruppenbild-768x348.jpg 768w, https:\/\/www.fondation-sana.ch\/wp-content\/uploads\/2023\/11\/prixsana2023-gruppenbild-1536x696.jpg 1536w, https:\/\/www.fondation-sana.ch\/wp-content\/uploads\/2023\/11\/prixsana2023-gruppenbild-2048x928.jpg 2048w\" sizes=\"(max-width: 800px) 100vw, 800px\" \/><\/div><\/a>\n\t\t\t\t<div class=\"elementor-post__text\">\n\t\t\t\t<h2 class=\"elementor-post__title\">\n\t\t\t<a href=\"https:\/\/www.fondation-sana.ch\/it\/prix-sana-2023\/\" >\n\t\t\t\tPrix Sana 2023\t\t\t<\/a>\n\t\t<\/h2>\n\t\t\t\t<div class=\"elementor-post__excerpt\">\n\t\t\t<p>Fatti anzich\u00e9 parole: il Prix Sana 2023 va a tre persone impegnate. Il sostegno fa la differenza quando viene dal cuore. Ogni giorno sono numerose le persone che si impegnano per convinzione per la salute degli altri. Cos\u00ec anche Marguerite Paus-Luiselli (AG), Martin Bieri (BE) e Mireille May (VS), che quest\u2019anno ricevono il Prix Sana per il loro straordinario impegno a favore del prossimo e del nostro sistema sanitario.<\/p>\n\t\t<\/div>\n\t\t\n\t\t<a class=\"elementor-post__read-more\" href=\"https:\/\/www.fondation-sana.ch\/it\/prix-sana-2023\/\" aria-label=\"Leggi tutto Prix Sana 2023\" tabindex=\"-1\" >\n\t\t\tPi\u00f9 \u2026\t\t<\/a>\n\n\t\t\t\t<\/div>\n\t\t\t\t<div class=\"elementor-post__meta-data\">\n\t\t\t\t\t<span class=\"elementor-post-date\">\n\t\t\t4 Novembre 2023\t\t<\/span>\n\t\t\t\t<\/div>\n\t\t\t\t\t<\/div>\n\t\t<\/article>\n\t\t\t\t<article class=\"elementor-post elementor-grid-item post-6423 post type-post status-publish format-standard has-post-thumbnail hentry category-notizie\" role=\"listitem\">\n\t\t\t<div class=\"elementor-post__card\">\n\t\t\t\t<a class=\"elementor-post__thumbnail__link\" href=\"https:\/\/www.fondation-sana.ch\/it\/prix-sana-2022\/\" tabindex=\"-1\" ><div class=\"elementor-post__thumbnail\"><img loading=\"lazy\" decoding=\"async\" width=\"800\" height=\"464\" src=\"https:\/\/www.fondation-sana.ch\/wp-content\/uploads\/2022\/11\/Prix-Sana-2022-H9A8398-1024x594.jpg\" class=\"attachment-large size-large wp-image-6535\" alt=\"\" srcset=\"https:\/\/www.fondation-sana.ch\/wp-content\/uploads\/2022\/11\/Prix-Sana-2022-H9A8398-1024x594.jpg 1024w, https:\/\/www.fondation-sana.ch\/wp-content\/uploads\/2022\/11\/Prix-Sana-2022-H9A8398-300x174.jpg 300w, https:\/\/www.fondation-sana.ch\/wp-content\/uploads\/2022\/11\/Prix-Sana-2022-H9A8398-768x446.jpg 768w, https:\/\/www.fondation-sana.ch\/wp-content\/uploads\/2022\/11\/Prix-Sana-2022-H9A8398-1536x891.jpg 1536w, https:\/\/www.fondation-sana.ch\/wp-content\/uploads\/2022\/11\/Prix-Sana-2022-H9A8398-2048x1189.jpg 2048w\" sizes=\"(max-width: 800px) 100vw, 800px\" \/><\/div><\/a>\n\t\t\t\t<div class=\"elementor-post__text\">\n\t\t\t\t<h2 class=\"elementor-post__title\">\n\t\t\t<a href=\"https:\/\/www.fondation-sana.ch\/it\/prix-sana-2022\/\" >\n\t\t\t\tPrix Sana 2022\t\t\t<\/a>\n\t\t<\/h2>\n\t\t\t\t<div class=\"elementor-post__excerpt\">\n\t\t\t<p>Tre eroi della salute insigniti del Prix Sana 2022. Ogni giorno sono numerosi i benefattori che forniscono silenziosamente un contributo prezioso per la salute degli altri. Per loro queste azioni grandiose sono scontate, ma il pubblico spesso non le nota abbastanza: Maria Lopez (VD), Siegfried Schiesser (GL) e Regula Meyer (AG) ricevono il Prix Sana 2022 per il loro impegno disinteressato.<\/p>\n\t\t<\/div>\n\t\t\n\t\t<a class=\"elementor-post__read-more\" href=\"https:\/\/www.fondation-sana.ch\/it\/prix-sana-2022\/\" aria-label=\"Leggi tutto Prix Sana 2022\" tabindex=\"-1\" >\n\t\t\tPi\u00f9 \u2026\t\t<\/a>\n\n\t\t\t\t<\/div>\n\t\t\t\t<div class=\"elementor-post__meta-data\">\n\t\t\t\t\t<span class=\"elementor-post-date\">\n\t\t\t12 Novembre 2022\t\t<\/span>\n\t\t\t\t<\/div>\n\t\t\t\t\t<\/div>\n\t\t<\/article>\n\t\t\t\t<article class=\"elementor-post elementor-grid-item post-5439 post type-post status-publish format-standard has-post-thumbnail hentry category-notizie\" role=\"listitem\">\n\t\t\t<div class=\"elementor-post__card\">\n\t\t\t\t<a class=\"elementor-post__thumbnail__link\" href=\"https:\/\/www.fondation-sana.ch\/it\/prix-sana-2020\/\" tabindex=\"-1\" ><div class=\"elementor-post__thumbnail\"><img loading=\"lazy\" decoding=\"async\" width=\"800\" height=\"534\" src=\"https:\/\/www.fondation-sana.ch\/wp-content\/uploads\/2021\/07\/prixsana-2021-41-5t4a9136-1024x683.jpg\" class=\"attachment-large size-large wp-image-5952\" alt=\"\" srcset=\"https:\/\/www.fondation-sana.ch\/wp-content\/uploads\/2021\/07\/prixsana-2021-41-5t4a9136-1024x683.jpg 1024w, https:\/\/www.fondation-sana.ch\/wp-content\/uploads\/2021\/07\/prixsana-2021-41-5t4a9136-300x200.jpg 300w, https:\/\/www.fondation-sana.ch\/wp-content\/uploads\/2021\/07\/prixsana-2021-41-5t4a9136-768x512.jpg 768w, https:\/\/www.fondation-sana.ch\/wp-content\/uploads\/2021\/07\/prixsana-2021-41-5t4a9136-1536x1024.jpg 1536w, https:\/\/www.fondation-sana.ch\/wp-content\/uploads\/2021\/07\/prixsana-2021-41-5t4a9136-2048x1365.jpg 2048w\" sizes=\"(max-width: 800px) 100vw, 800px\" \/><\/div><\/a>\n\t\t\t\t<div class=\"elementor-post__text\">\n\t\t\t\t<h2 class=\"elementor-post__title\">\n\t\t\t<a href=\"https:\/\/www.fondation-sana.ch\/it\/prix-sana-2020\/\" >\n\t\t\t\tPrix Sana 2020\/2021\t\t\t<\/a>\n\t\t<\/h2>\n\t\t\t\t<div class=\"elementor-post__excerpt\">\n\t\t\t<p>Il Premio Svizzero della Salute Prix Sana festeggia quest&#8217;anno il suo decimo anniversario. La giuria composta da cinque membri ha premiato come vincitrici del Prix Sana 2020 due donne e una coppia di coniugi: Anne-Marie Struijk di Vessy (GE), Mireille Udriot di Cho\u00ebx sur Monthey (VS) e i coniugi Regina e Jean-Harry-Rolf Etzensperger di Watt (ZH). Per il loro impegno caritatevole riceveranno ciascuno la somma di 10&#8217;000 franchi svizzeri.<\/p>\n\t\t<\/div>\n\t\t\n\t\t<a class=\"elementor-post__read-more\" href=\"https:\/\/www.fondation-sana.ch\/it\/prix-sana-2020\/\" aria-label=\"Leggi tutto Prix Sana 2020\/2021\" tabindex=\"-1\" >\n\t\t\tPi\u00f9 \u2026\t\t<\/a>\n\n\t\t\t\t<\/div>\n\t\t\t\t<div class=\"elementor-post__meta-data\">\n\t\t\t\t\t<span class=\"elementor-post-date\">\n\t\t\t3 Luglio 2021\t\t<\/span>\n\t\t\t\t<\/div>\n\t\t\t\t\t<\/div>\n\t\t<\/article>\n\t\t\t\t<article class=\"elementor-post elementor-grid-item post-3421 post type-post status-publish format-standard has-post-thumbnail hentry category-notizie\" role=\"listitem\">\n\t\t\t<div class=\"elementor-post__card\">\n\t\t\t\t<a class=\"elementor-post__thumbnail__link\" href=\"https:\/\/www.fondation-sana.ch\/it\/prix-sana-2019\/\" tabindex=\"-1\" ><div class=\"elementor-post__thumbnail\"><img loading=\"lazy\" decoding=\"async\" width=\"800\" height=\"359\" src=\"https:\/\/www.fondation-sana.ch\/wp-content\/uploads\/2020\/09\/img-prix-sana-2019-1024x460.jpg\" class=\"attachment-large size-large wp-image-4694\" alt=\"\" srcset=\"https:\/\/www.fondation-sana.ch\/wp-content\/uploads\/2020\/09\/img-prix-sana-2019-1024x460.jpg 1024w, https:\/\/www.fondation-sana.ch\/wp-content\/uploads\/2020\/09\/img-prix-sana-2019-300x135.jpg 300w, https:\/\/www.fondation-sana.ch\/wp-content\/uploads\/2020\/09\/img-prix-sana-2019-768x345.jpg 768w, https:\/\/www.fondation-sana.ch\/wp-content\/uploads\/2020\/09\/img-prix-sana-2019-1536x690.jpg 1536w, https:\/\/www.fondation-sana.ch\/wp-content\/uploads\/2020\/09\/img-prix-sana-2019-2048x921.jpg 2048w\" sizes=\"(max-width: 800px) 100vw, 800px\" \/><\/div><\/a>\n\t\t\t\t<div class=\"elementor-post__text\">\n\t\t\t\t<h2 class=\"elementor-post__title\">\n\t\t\t<a href=\"https:\/\/www.fondation-sana.ch\/it\/prix-sana-2019\/\" >\n\t\t\t\tPrix Sana 2019\t\t\t<\/a>\n\t\t<\/h2>\n\t\t\t\t<div class=\"elementor-post__excerpt\">\n\t\t\t<p>Il Prix Sana 2019 viene assegnato a due ticinesi e un bernese. Il premio per la salute Prix Sana 2019 viene conferito a tre persone che da anni si impegnano in maniera profonda e altruistica per il bene di altri consimili in Svizzera: Anna Maria Sury di Muralto TI, Margaretha Rieser di Dotzigen BE e il frate cappuccino Fra Martino Dotta, di Bellinzona TI, riceveranno ognuno 10&#8217;000 franchi dalla Fondation Sana. I premi sono stati conferiti in occasione del Salone Swiss Handicap di Lucerna con il coordinamento del moderatore televisivo Nik Hartmann.<\/p>\n\t\t<\/div>\n\t\t\n\t\t<a class=\"elementor-post__read-more\" href=\"https:\/\/www.fondation-sana.ch\/it\/prix-sana-2019\/\" aria-label=\"Leggi tutto Prix Sana 2019\" tabindex=\"-1\" >\n\t\t\tPi\u00f9 \u2026\t\t<\/a>\n\n\t\t\t\t<\/div>\n\t\t\t\t<div class=\"elementor-post__meta-data\">\n\t\t\t\t\t<span class=\"elementor-post-date\">\n\t\t\t30 Novembre 2019\t\t<\/span>\n\t\t\t\t<\/div>\n\t\t\t\t\t<\/div>\n\t\t<\/article>\n\t\t\t\t<article class=\"elementor-post elementor-grid-item post-3420 post type-post status-publish format-standard has-post-thumbnail hentry category-notizie\" role=\"listitem\">\n\t\t\t<div class=\"elementor-post__card\">\n\t\t\t\t<a class=\"elementor-post__thumbnail__link\" href=\"https:\/\/www.fondation-sana.ch\/it\/prix-sana-2018\/\" tabindex=\"-1\" ><div class=\"elementor-post__thumbnail\"><img loading=\"lazy\" decoding=\"async\" width=\"800\" height=\"359\" src=\"https:\/\/www.fondation-sana.ch\/wp-content\/uploads\/2020\/10\/img-prix-sana-2018-1024x460.jpg\" class=\"attachment-large size-large wp-image-5169\" alt=\"\" srcset=\"https:\/\/www.fondation-sana.ch\/wp-content\/uploads\/2020\/10\/img-prix-sana-2018-1024x460.jpg 1024w, https:\/\/www.fondation-sana.ch\/wp-content\/uploads\/2020\/10\/img-prix-sana-2018-300x135.jpg 300w, https:\/\/www.fondation-sana.ch\/wp-content\/uploads\/2020\/10\/img-prix-sana-2018-768x345.jpg 768w, https:\/\/www.fondation-sana.ch\/wp-content\/uploads\/2020\/10\/img-prix-sana-2018-1536x690.jpg 1536w, https:\/\/www.fondation-sana.ch\/wp-content\/uploads\/2020\/10\/img-prix-sana-2018-2048x921.jpg 2048w\" sizes=\"(max-width: 800px) 100vw, 800px\" \/><\/div><\/a>\n\t\t\t\t<div class=\"elementor-post__text\">\n\t\t\t\t<h2 class=\"elementor-post__title\">\n\t\t\t<a href=\"https:\/\/www.fondation-sana.ch\/it\/prix-sana-2018\/\" >\n\t\t\t\tPrix Sana 2018\t\t\t<\/a>\n\t\t<\/h2>\n\t\t\t\t<div class=\"elementor-post__excerpt\">\n\t\t\t<p>I vincitori del Prix Sana 2018<\/p>\n\t\t<\/div>\n\t\t\n\t\t<a class=\"elementor-post__read-more\" href=\"https:\/\/www.fondation-sana.ch\/it\/prix-sana-2018\/\" aria-label=\"Leggi tutto Prix Sana 2018\" tabindex=\"-1\" >\n\t\t\tPi\u00f9 \u2026\t\t<\/a>\n\n\t\t\t\t<\/div>\n\t\t\t\t<div class=\"elementor-post__meta-data\">\n\t\t\t\t\t<span class=\"elementor-post-date\">\n\t\t\t3 Novembre 2018\t\t<\/span>\n\t\t\t\t<\/div>\n\t\t\t\t\t<\/div>\n\t\t<\/article>\n\t\t\t\t<article class=\"elementor-post elementor-grid-item post-3419 post type-post status-publish format-standard has-post-thumbnail hentry category-notizie\" role=\"listitem\">\n\t\t\t<div class=\"elementor-post__card\">\n\t\t\t\t<a class=\"elementor-post__thumbnail__link\" href=\"https:\/\/www.fondation-sana.ch\/it\/prix-sana-2017\/\" tabindex=\"-1\" ><div class=\"elementor-post__thumbnail\"><img loading=\"lazy\" decoding=\"async\" width=\"800\" height=\"359\" src=\"https:\/\/www.fondation-sana.ch\/wp-content\/uploads\/2017\/12\/img-prix-sana-2017-1024x460.jpg\" class=\"attachment-large size-large wp-image-5193\" alt=\"\" srcset=\"https:\/\/www.fondation-sana.ch\/wp-content\/uploads\/2017\/12\/img-prix-sana-2017-1024x460.jpg 1024w, https:\/\/www.fondation-sana.ch\/wp-content\/uploads\/2017\/12\/img-prix-sana-2017-300x135.jpg 300w, https:\/\/www.fondation-sana.ch\/wp-content\/uploads\/2017\/12\/img-prix-sana-2017-768x345.jpg 768w, https:\/\/www.fondation-sana.ch\/wp-content\/uploads\/2017\/12\/img-prix-sana-2017-1536x690.jpg 1536w, https:\/\/www.fondation-sana.ch\/wp-content\/uploads\/2017\/12\/img-prix-sana-2017-2048x921.jpg 2048w\" sizes=\"(max-width: 800px) 100vw, 800px\" \/><\/div><\/a>\n\t\t\t\t<div class=\"elementor-post__text\">\n\t\t\t\t<h2 class=\"elementor-post__title\">\n\t\t\t<a href=\"https:\/\/www.fondation-sana.ch\/it\/prix-sana-2017\/\" >\n\t\t\t\tPrix Sana 2017\t\t\t<\/a>\n\t\t<\/h2>\n\t\t\t\t<div class=\"elementor-post__excerpt\">\n\t\t\t<p>La fondazione Fondation Sana ha conferito il premio per la salute Prix Sana 2017 a due donne. Regine Schlaginhaufen di Gueschelmuth (FR) \u00e8 stata premiata con 20\u2019000 franchi per avere fondato una casa di accoglienza per bambini in situazioni di particolare difficolt\u00e0. La seconda premiata, Ursula Tarnutzer di Tamins (GR), ha ricevuto 10\u2019000 franchi. Anche lei si \u00e8 impegnata con grande altruismo e per tutta la sua vita per il bene di suoi consimili.<\/p>\n\t\t<\/div>\n\t\t\n\t\t<a class=\"elementor-post__read-more\" href=\"https:\/\/www.fondation-sana.ch\/it\/prix-sana-2017\/\" aria-label=\"Leggi tutto Prix Sana 2017\" tabindex=\"-1\" >\n\t\t\tPi\u00f9 \u2026\t\t<\/a>\n\n\t\t\t\t<\/div>\n\t\t\t\t<div class=\"elementor-post__meta-data\">\n\t\t\t\t\t<span class=\"elementor-post-date\">\n\t\t\t2 Dicembre 2017\t\t<\/span>\n\t\t\t\t<\/div>\n\t\t\t\t\t<\/div>\n\t\t<\/article>\n\t\t\t\t<article class=\"elementor-post elementor-grid-item post-3418 post type-post status-publish format-standard has-post-thumbnail hentry category-notizie\" role=\"listitem\">\n\t\t\t<div class=\"elementor-post__card\">\n\t\t\t\t<a class=\"elementor-post__thumbnail__link\" href=\"https:\/\/www.fondation-sana.ch\/it\/prix-sana-2016\/\" tabindex=\"-1\" ><div class=\"elementor-post__thumbnail\"><img loading=\"lazy\" decoding=\"async\" width=\"800\" height=\"359\" src=\"https:\/\/www.fondation-sana.ch\/wp-content\/uploads\/2020\/10\/img-prix-sana-2016-1024x460.jpg\" class=\"attachment-large size-large wp-image-5181\" alt=\"\" srcset=\"https:\/\/www.fondation-sana.ch\/wp-content\/uploads\/2020\/10\/img-prix-sana-2016-1024x460.jpg 1024w, https:\/\/www.fondation-sana.ch\/wp-content\/uploads\/2020\/10\/img-prix-sana-2016-300x135.jpg 300w, https:\/\/www.fondation-sana.ch\/wp-content\/uploads\/2020\/10\/img-prix-sana-2016-768x345.jpg 768w, https:\/\/www.fondation-sana.ch\/wp-content\/uploads\/2020\/10\/img-prix-sana-2016-1536x690.jpg 1536w, https:\/\/www.fondation-sana.ch\/wp-content\/uploads\/2020\/10\/img-prix-sana-2016-2048x921.jpg 2048w\" sizes=\"(max-width: 800px) 100vw, 800px\" \/><\/div><\/a>\n\t\t\t\t<div class=\"elementor-post__text\">\n\t\t\t\t<h2 class=\"elementor-post__title\">\n\t\t\t<a href=\"https:\/\/www.fondation-sana.ch\/it\/prix-sana-2016\/\" >\n\t\t\t\tPrix Sana 2016\t\t\t<\/a>\n\t\t<\/h2>\n\t\t\t\t<div class=\"elementor-post__excerpt\">\n\t\t\t<p>Si aggiudicano il Prix Sana 2016 due donne: Heidi Reber di Rohrbach BE e Heidi Zihlmann di Schwarzenberg LU ricevono ciascuna 15&#8217;000 franchi per l&#8217;impegno altruistico e pluriennale profuso per il bene delle persone bisognose di cure e di assistenza nell&#8217;ambito della loro comunit\u00e0. Il Prix Sana viene assegnato da sei anni dalla Fondation Sana. La cerimonia di premiazione si \u00e8 svolta presso il Centro svizzero per paraplegici di Nottwil ed \u00e8 stata condotta da Nik Hartmann, in veste di moderatore.<\/p>\n\t\t<\/div>\n\t\t\n\t\t<a class=\"elementor-post__read-more\" href=\"https:\/\/www.fondation-sana.ch\/it\/prix-sana-2016\/\" aria-label=\"Leggi tutto Prix Sana 2016\" tabindex=\"-1\" >\n\t\t\tPi\u00f9 \u2026\t\t<\/a>\n\n\t\t\t\t<\/div>\n\t\t\t\t<div class=\"elementor-post__meta-data\">\n\t\t\t\t\t<span class=\"elementor-post-date\">\n\t\t\t11 Novembre 2016\t\t<\/span>\n\t\t\t\t<\/div>\n\t\t\t\t\t<\/div>\n\t\t<\/article>\n\t\t\t\t<article class=\"elementor-post elementor-grid-item post-3417 post type-post status-publish format-standard has-post-thumbnail hentry category-notizie\" role=\"listitem\">\n\t\t\t<div class=\"elementor-post__card\">\n\t\t\t\t<a class=\"elementor-post__thumbnail__link\" href=\"https:\/\/www.fondation-sana.ch\/it\/prix-sana-2015\/\" tabindex=\"-1\" ><div class=\"elementor-post__thumbnail\"><img loading=\"lazy\" decoding=\"async\" width=\"800\" height=\"359\" src=\"https:\/\/www.fondation-sana.ch\/wp-content\/uploads\/2020\/10\/img-prix-sana-2015-1024x460.jpg\" class=\"attachment-large size-large wp-image-5184\" alt=\"\" srcset=\"https:\/\/www.fondation-sana.ch\/wp-content\/uploads\/2020\/10\/img-prix-sana-2015-1024x460.jpg 1024w, https:\/\/www.fondation-sana.ch\/wp-content\/uploads\/2020\/10\/img-prix-sana-2015-300x135.jpg 300w, https:\/\/www.fondation-sana.ch\/wp-content\/uploads\/2020\/10\/img-prix-sana-2015-768x345.jpg 768w, https:\/\/www.fondation-sana.ch\/wp-content\/uploads\/2020\/10\/img-prix-sana-2015-1536x690.jpg 1536w, https:\/\/www.fondation-sana.ch\/wp-content\/uploads\/2020\/10\/img-prix-sana-2015-2048x921.jpg 2048w\" sizes=\"(max-width: 800px) 100vw, 800px\" \/><\/div><\/a>\n\t\t\t\t<div class=\"elementor-post__text\">\n\t\t\t\t<h2 class=\"elementor-post__title\">\n\t\t\t<a href=\"https:\/\/www.fondation-sana.ch\/it\/prix-sana-2015\/\" >\n\t\t\t\tPrix Sana 2015\t\t\t<\/a>\n\t\t<\/h2>\n\t\t\t\t<div class=\"elementor-post__excerpt\">\n\t\t\t<p>Il Prix Sana, che con la dotazione di 30&#8217;000 franchi \u00e8 il premio per la salute pi\u00f9 ingente della Svizzera, va nel 2015 nei Cantoni di Berna, Zurigo e Giura. I tre nominati sono stati premiati dalla Fondation Sana con un importo di 10&#8217;000 franchi ciascuno per l\u2019impegno disinteressato profuso a favore dei bambini e della famiglia. La premiazione ha avuto luogo nell\u2019ambito di Swiss Handicap alla Fiera di Lucerna.<\/p>\n\t\t<\/div>\n\t\t\n\t\t<a class=\"elementor-post__read-more\" href=\"https:\/\/www.fondation-sana.ch\/it\/prix-sana-2015\/\" aria-label=\"Leggi tutto Prix Sana 2015\" tabindex=\"-1\" >\n\t\t\tPi\u00f9 \u2026\t\t<\/a>\n\n\t\t\t\t<\/div>\n\t\t\t\t<div class=\"elementor-post__meta-data\">\n\t\t\t\t\t<span class=\"elementor-post-date\">\n\t\t\t28 Novembre 2015\t\t<\/span>\n\t\t\t\t<\/div>\n\t\t\t\t\t<\/div>\n\t\t<\/article>\n\t\t\t\t<\/div>\n\t\t\n\t\t\t\t\t\t<\/div>\n\t\t\t\t<\/div>\n\t\t\t\t\t<\/div>\n\t\t<\/div>\n\t\t\t\t\t<\/div>\n\t\t<\/section>\n\t\t\t\t<\/div>\n\t\t","protected":false},"excerpt":{"rendered":"","protected":false},"author":1,"featured_media":0,"parent":2169,"menu_order":0,"comment_status":"closed","ping_status":"closed","template":"","meta":{"_acf_changed":false,"_monsterinsights_skip_tracking":false,"_monsterinsights_sitenote_active":false,"_monsterinsights_sitenote_note":"","_monsterinsights_sitenote_category":0,"footnotes":""},"class_list":["post-4939","page","type-page","status-publish","hentry"],"acf":[],"_links":{"self":[{"href":"https:\/\/www.fondation-sana.ch\/it\/wp-json\/wp\/v2\/pages\/4939","targetHints":{"allow":["GET"]}}],"collection":[{"href":"https:\/\/www.fondation-sana.ch\/it\/wp-json\/wp\/v2\/pages"}],"about":[{"href":"https:\/\/www.fondation-sana.ch\/it\/wp-json\/wp\/v2\/types\/page"}],"author":[{"embeddable":true,"href":"https:\/\/www.fondation-sana.ch\/it\/wp-json\/wp\/v2\/users\/1"}],"replies":[{"embeddable":true,"href":"https:\/\/www.fondation-sana.ch\/it\/wp-json\/wp\/v2\/comments?post=4939"}],"version-history":[{"count":2,"href":"https:\/\/www.fondation-sana.ch\/it\/wp-json\/wp\/v2\/pages\/4939\/revisions"}],"predecessor-version":[{"id":4958,"href":"https:\/\/www.fondation-sana.ch\/it\/wp-json\/wp\/v2\/pages\/4939\/revisions\/4958"}],"up":[{"embeddable":true,"href":"https:\/\/www.fondation-sana.ch\/it\/wp-json\/wp\/v2\/pages\/2169"}],"wp:attachment":[{"href":"https:\/\/www.fondation-sana.ch\/it\/wp-json\/wp\/v2\/media?parent=4939"}],"curies":[{"name":"wp","href":"https:\/\/api.w.org\/{rel}","templated":true}]}}